{"id":22,"date":"2016-03-29T15:32:38","date_gmt":"2016-03-29T13:32:38","guid":{"rendered":"http:\/\/www.vokv.dk\/?page_id=22"},"modified":"2023-07-03T23:23:48","modified_gmt":"2023-07-03T21:23:48","slug":"generalforsamling-2210-2013","status":"publish","type":"page","link":"https:\/\/www.vokv.dk\/?page_id=22","title":{"rendered":"Generalforsamling 22\/10 2013"},"content":{"rendered":"<h4>Generalforsamling 22\/10 2013<\/h4>\n<p>Fremm\u00f8dt 27 stemmeberettigede andelshavere.<\/p>\n<p>Der serveres kaffe, the og boller m. p\u00e5l\u00e6g.<\/p>\n<ol>\n<li>Valg af dirigent: Karl-Heinz Boserup<\/li>\n<\/ol>\n<ul>\n<li><em>Konstaterede at generalforsamlingen er lovligt varslet.<\/em><\/li>\n<\/ul>\n<p><em>&nbsp;<\/em><\/p>\n<ol start=\"2\">\n<li>Formandens beretning,<a href=\"http:\/\/www.vokv.dk\/?page_id=22#beretning\"> <span style=\"text-decoration: underline; color: #000080;\"><strong>se&nbsp;her<\/strong><\/span><\/a><\/li>\n<\/ol>\n<ul>\n<li><em>Ingen kommentarer til beretningen, godkendt.<\/em><\/li>\n<\/ul>\n<p><em>&nbsp;<\/em><\/p>\n<ol start=\"3\">\n<li>Revideret \u00e5rsregnskab freml\u00e6gges og godkendes.<\/li>\n<\/ol>\n<ul>\n<li><em>Regnskabet blev godkendt, Thilde Pedersen spurgte til diverse driftsudgifter og tilgodehavender. Fik accepterede svar p\u00e5 disse.<\/em><\/li>\n<\/ul>\n<p><em>&nbsp;<\/em><\/p>\n<ol start=\"4\">\n<li>Forslag fra bestyrelsen:<\/li>\n<\/ol>\n<ul>\n<li><em>Der er ingen forslag.<\/em><\/li>\n<\/ul>\n<p><em>&nbsp;<\/em><\/p>\n<ol start=\"5\">\n<li>Indkomne forslag:<\/li>\n<\/ol>\n<ul>\n<li><em>Bestyrelsen har ikke modtaget forslag.<\/em><\/li>\n<\/ul>\n<p><em>&nbsp;<\/em><\/p>\n<ol start=\"6\">\n<li>Budget for indev\u00e6rende drifts-\u00e5r freml\u00e6gges for godkendelse: Godkendt!<\/li>\n<\/ol>\n<ol start=\"7\">\n<li>Valg af bestyrelsesmedlemmer, p\u00e5 valg er: S\u00f8ren Broch:<\/li>\n<\/ol>\n<p>S\u00f8ren Nielsen:&nbsp;&nbsp;&nbsp;&nbsp;&nbsp;&nbsp;&nbsp;&nbsp;&nbsp;&nbsp;&nbsp;&nbsp;&nbsp;&nbsp;&nbsp;&nbsp;&nbsp;&nbsp;&nbsp; Udtr\u00e5dt.<\/p>\n<p>Brian S\u00f8rensen:&nbsp;&nbsp;&nbsp;&nbsp;&nbsp;&nbsp;&nbsp;&nbsp;&nbsp;&nbsp;&nbsp;&nbsp;&nbsp;&nbsp;&nbsp;&nbsp;&nbsp; Genvalgt.<\/p>\n<p>Ole Bloch:&nbsp;&nbsp;&nbsp;&nbsp;&nbsp;&nbsp;&nbsp;&nbsp;&nbsp;&nbsp;&nbsp;&nbsp;&nbsp;&nbsp;&nbsp;&nbsp;&nbsp;&nbsp;&nbsp;&nbsp;&nbsp;&nbsp;&nbsp;&nbsp;&nbsp;&nbsp; Nyvalgt.<\/p>\n<ol start=\"8\">\n<li>Suppleant 1:&nbsp; Karl-Heinz Boserup<\/li>\n<\/ol>\n<p>Suppleant 2:&nbsp; Rene Koch Nielsen<\/p>\n<ol start=\"9\">\n<li>Valg af revisor: Dansk revision Randers genvalgt<\/li>\n<\/ol>\n<ol start=\"10\">\n<li>Eventuelt: Ingen punkter herunder<\/li>\n<\/ol>\n<p><u>&nbsp;<\/u><\/p>\n<h5><u>Konstituering:<\/u><\/h5>\n<p>Formand:&nbsp;&nbsp;&nbsp;&nbsp;&nbsp; Morten B\u00f8hm<\/p>\n<p>N\u00e6stfmd.:&nbsp;&nbsp;&nbsp;&nbsp; Brian S\u00f8rensen<\/p>\n<p>Best. Medlemmer: S\u00f8ren Broch, Hanne Gregersen, Ole Bloch<\/p>\n<p>Suppleant 1:&nbsp; Karl-Heinz Boserup<\/p>\n<p>Suppleant 2: Rene Krogh Nielsen<\/p>\n<p><u>Underskrifter:<\/u><\/p>\n<p>.<a id=\"beretning\"><\/a><\/p>\n<h5>Formandens beretning oktober 2013<\/h5>\n<p>For et \u00e5rs siden var vi igennem en rigtig hurtig generalforsamling. Vi havde jo ikke s\u00e5 meget at snakke om, da vi allerede&nbsp; vedtaget etableringen af vores biomassefyr.<\/p>\n<p>I oktober sidste \u00e5r, havde vi endnu ikke fundet en leverand\u00f8r \u2013 valget faldt p\u00e5 Weiss fra Hadsund. Formentlig det firma i Danmark der har mest ekspertise i biomassefyr til varmev\u00e6rker. Og lad mig allerede nu sige, at valget af leverand\u00f8r endnu ikke har \u00e6rgret os. Udover at Weiss var betydelig billigere end alle andre, har den efterf\u00f8lgende periode ogs\u00e5 vist at vi arbejder godt sammen om at l\u00f8se at de ting, som opst\u00e5r hen ad vejen i s\u00e5dan en proces. Men som sagt Fyret blev bestilt primo november og kontrakten underskrevet. If\u00f8lge kontrakten skulle fyret leveres i uge 8. fyret var opsat i uge 7 og har siden uge 8 mere eller mindre k\u00f8rt fuld drift. Der har s\u00e5ledes ikke v\u00e6ret nogen n\u00e6vnev\u00e6rdige udfordringer med driften af fyret. Eneste mislys er \u2013 ja en lille mislyd. Vi har haft lidt udfordringer med st\u00f8jniveauet. Flere af uhensigstm\u00e6ssighederne er klaret, der er dog enkelte ting vi mangler at f\u00e5 helt styr p\u00e5. Heldigvis er l\u00f8sningerne og dialogen mellem naboerne og v\u00e6rket foreg\u00e5et i en god l\u00f8sningsorienteret tone. Ogs\u00e5 selvom vi ikke er kommet helt i m\u00e5l endnu.<\/p>\n<p>Det nye fyr kunne besigtiges her sidst i august md. Hvor vi holdt \u00e5bent hus. Vi fik p\u00f8lser, \u00f8l og vand sponseret af Weiss, der har leveret fyret, s\u00e5 det kostede os ingenting. Til geng\u00e6ld fik rigtig mange mulighed for at se v\u00e6rket, b\u00e5de den gamle del og det nye fyr. Vi havde omkring 100-120 bes\u00f8gende p\u00e5 dagen, og det var faktisk en god dag. Der var b\u00e5de brugere og ikke-brugere. Vi havde bevidst valgt at invitere s\u00e5 mange som muligt, s\u00e5 alle kunne f\u00e5 syn for sagen.<\/p>\n<p>Hvad har det nye fyr s\u00e5 betydet. Det har konkret betydet, at vi allerede 4 mdr. efter installation har kunnet s\u00e6tte prisen ned med 2200 pr. husstand. Det fremg\u00e5r af det budget som skal godkendes p\u00e5 et af de senere punkter. Var vi blevet p\u00e5 gassen havde vi h\u00e6vet prisen med 4.000 kr. s\u00e5 allerede viser det det nye fyr sin berettigelse. Det betyder ogs\u00e5 at vi fremadrettet kan se frem til lavere priser end hvis vi var fortsat med Gas. Vi har l\u00e5st pillekontrakten som er med DLG de n\u00e6ste 4 \u00e5r. S\u00e5 vi har fuld sikkerhed for prisen \u2013 undtagen endnu ikke vedtagede skatter og afgifter.<\/p>\n<p>Som I nok har kunnet se af dagspressen, s\u00e5 barsler regeringen med en forsyningssikkerhedsafgift. For god orden skyld, er den jo ikke vedtaget endnu. Og jeg tror faktisk ikke den bliver vedtaget i den form, der nu foreligger. MEN med det som ligger pt. vil et gennemsnitskunde hos fjernvarmev\u00e6rker kunne se frem til en \u00e5rlig stigning i 2015 p\u00e5 1400 kr. det er selvf\u00f8lgelig tr\u00e6ls at vi som varmev\u00e6rk bruger s\u00e5 meget energi og tid p\u00e5 at skaffe billigere varme, og s\u00e5 tager det politikkerne 2 sekunder, at sl\u00e5 os tilbage til start. Men selvom stigningen kommer, s\u00e5 har vi stadig sparet penge i forhold til gassen, og vi f\u00e5r stadig vores store besparelse p\u00e5 omkring 6.000 kr. n\u00e5r vi 1. juli 2015 er f\u00e6rdige med l\u00e5net. S\u00e5 selvom der kommer flere afgifter til, s\u00e5 har vi stadig noget at se frem til. Uden at vi her i aften skal diskutere politik eller skattepolitik, s\u00e5 m\u00e5 jeg sige at det eneste gl\u00e6delige ved det nuv\u00e6rende forslag det er, at ALLE skal betale. Tidligere har det v\u00e6ret koncentreret omkring se sm\u00e5 og mellemstore varmev\u00e6rker, og det er da gl\u00e6deligt, at det ikke kun er os \u2013 men ogs\u00e5 de varmeformer vi \u201dkonkurrere\u201d imod der nu skal til at betale. Tidligere har vi jo betalt deres andele.<\/p>\n<p>Udover fyret og priserne omkring det, arbejder Randers kommune og Verdo med planer om at Verdo skal overtage de mindre varmev\u00e6rker \u2013 s\u00e5 forskellen i varmepriser bliver minimeret. Processen mellem kommunen og Verdo har varet i flere \u00e5r. Nu er vi s\u00e5 ogs\u00e5 blevet involveret og har skullet melde tilbage om vi var interesseret i videre snakke. Jeg har meldt tilbage, at det er vi. Ikke s\u00e5dan forst\u00e5et at vi er g\u00e5et ind i nogle forhandlinger, men jeg mener ikke, at vi som ansvarlig bestyrelse kan sige hverken ja eller nej til noget som helst f\u00f8r vi kender de vilk\u00e5r vi tilbydes. F\u00f8rste m\u00f8de jeg har deltaget i er her primo oktober 2013. og jeg ved ikke lige hvorn\u00e5r man t\u00e6nker de n\u00e6ste m\u00f8der. Men heldigvis betyder det nye fyr, at vi ikke beh\u00f8ver indg\u00e5 nogen aftaler, eller har vanvittigt travlt. Med de prisudsigter vi har pt. kommer vi i 2015 til at v\u00e6re p\u00e5 niveau med Verdo, og en evt. sammenl\u00e6gning ligger ikke t\u00e6ttere p\u00e5 \u2013 s\u00e5 vi har heldigvis ikke travlt. S\u00e5 vi har tiden til at arbejde for os og ikke under tidspres som nogle af de andre v\u00e6rker.<\/p>\n<p>N\u00e5r vi har et endeligt tilbud, s\u00e5 vil vi freml\u00e6gge det for jer og ligge det til afstemning. Men uden at foruddiskontere noget som helst. S\u00e5 var Verdo med til at give tilbud p\u00e5 biomassefyret og var meget dyrere end det tilbud vi valgte at g\u00e5 med. Derudover gav Verdo tilbud p\u00e5 vores tr\u00e6piller og ogs\u00e5 her var de klart ikke konkurrence dygtige. Og i forbindelse med genforhandling af vores aftaler om administration af v\u00e6rket har Verdo tidligere afgivet tilbud som ikke var i n\u00e6rheden af de aftaler vi har i dag. Derfor er jeg noget usikker p\u00e5 om det er en god ide\u2026.men igen lad os se det endelige f\u00f8r vi bestemmer os.<\/p>\n<p>I forbindelse med det nye biomasse fyr, har vi f\u00e5et foretaget en unders\u00f8gelse af vores ledningsnet. Ideen var at vurdere hvorvidt der skulle ske nogle investeringer i forbindelse det nye fyr, s\u00e5 vi f\u00e5r det maksimale ud af de nye muligheder. Rapporten viste, at vores ledningsnet er overdimensioneret mellem byerne. Det medf\u00f8rer et vist tab, men giver ogs\u00e5 en mulighed for, at f\u00e5 koblet nye forbrugere p\u00e5, og dermed \u00f8ge kunde grundlaget. Konklusionen p\u00e5 rapporten var 2 ting, for det f\u00f8rste f\u00e5 flere kunder p\u00e5 (vi har jo nogle oliefyret huse, som er oplagte) \u2013 hvis vi alligevel graver ned omkring vores stik \u2013 s\u00e5 lige tjekke om de skal udskiftes. Der er jo ikke meget nyt i det. Tv\u00e6rtimod. Men det er faktisk ogs\u00e5 rigtig meget. For det sl\u00e5r en pind igennem alle rygter om d\u00e5rlige r\u00f8r og alt mulig andet.<\/p>\n<p>Som I forh\u00e5bentligt kan h\u00f8re s\u00e5 har biomassefyret i den grad givet os nye muligheder. Det \u00e5bner b\u00e5de p\u00e5 kort og lang sigt mulighed for lavere priser. Samtidig giver det os som bestyrelse nogle muligheder for at planl\u00e6gge ud fra et langtid perspektiv \u2013 og det g\u00f8r det alts\u00e5 lidt nemmere at drive varmev\u00e6rket bedst muligt \u2013 og dermed give billigere priser til gl\u00e6de for os alle sammen. Det har faktisk ogs\u00e5 betydet at vi indtil videre har f\u00e5et 1 ny kunde. Hvilket i min optik er fantastisk at nogen kan se ideen i varmev\u00e6rket, i stedet for at tilmelding sker via tvang. Jeg synes det varsler den rigtige retning for os.<\/p>\n<p>Vi har i det l\u00f8bende \u00e5r brugt rigtig meget tid p\u00e5 v\u00e6rket og ikke mindst det nye biomasse fyr. Vi har dog ogs\u00e5 fundet tid til at udsende lidt nyhedsbreve, og jeg h\u00e5ber I f\u00f8ler jer godt informeret. Det kan selvf\u00f8lgelig kun lade sig g\u00f8re fordi der er nogen der h\u00e5ndtere vores hjemmeside, og at der er nogen der g\u00e5r en tur rundt i byerne og omdeler nyhedsbrevene. Tusind tak for det.<\/p>\n<p>Ogs\u00e5 mange tak til bestyrelsen for arbejdet i det forgange \u00e5r \u2013 endnu en gang synes jeg vi har knoklet og l\u00f8ftet v\u00e6rket endnu en tak\u2026 tak for jeres indsats.<\/p>\n<p>Ogs\u00e5 tak til revisor og administrationen for samarbejdet. Jeg synes det har v\u00e6ret et godt \u00e5r.<\/p>\n","protected":false},"excerpt":{"rendered":"<p>Generalforsamling 22\/10 2013 Fremm\u00f8dt 27 stemmeberettigede andelshavere. Der serveres kaffe, the og boller m. p\u00e5l\u00e6g. Valg af dirigent: Karl-Heinz Boserup Konstaterede at generalforsamlingen er lovligt varslet. &nbsp; Formandens beretning, se&nbsp;her Ingen kommentarer til beretningen, godkendt. &nbsp; Revideret \u00e5rsregnskab freml\u00e6gges og <span class=\"excerpt-dots\">&hellip;<\/span> <a class=\"more-link\" href=\"https:\/\/www.vokv.dk\/?page_id=22\"><span class=\"more-msg\">L\u00e6s mere her:<\/span><\/a><\/p>\n","protected":false},"author":2,"featured_media":0,"parent":4371,"menu_order":3,"comment_status":"closed","ping_status":"closed","template":"","meta":{"footnotes":""},"folder":[8],"class_list":["post-22","page","type-page","status-publish","hentry"],"_links":{"self":[{"href":"https:\/\/www.vokv.dk\/index.php?rest_route=\/wp\/v2\/pages\/22","targetHints":{"allow":["GET"]}}],"collection":[{"href":"https:\/\/www.vokv.dk\/index.php?rest_route=\/wp\/v2\/pages"}],"about":[{"href":"https:\/\/www.vokv.dk\/index.php?rest_route=\/wp\/v2\/types\/page"}],"author":[{"embeddable":true,"href":"https:\/\/www.vokv.dk\/index.php?rest_route=\/wp\/v2\/users\/2"}],"replies":[{"embeddable":true,"href":"https:\/\/www.vokv.dk\/index.php?rest_route=%2Fwp%2Fv2%2Fcomments&post=22"}],"version-history":[{"count":0,"href":"https:\/\/www.vokv.dk\/index.php?rest_route=\/wp\/v2\/pages\/22\/revisions"}],"up":[{"embeddable":true,"href":"https:\/\/www.vokv.dk\/index.php?rest_route=\/wp\/v2\/pages\/4371"}],"wp:attachment":[{"href":"https:\/\/www.vokv.dk\/index.php?rest_route=%2Fwp%2Fv2%2Fmedia&parent=22"}],"wp:term":[{"taxonomy":"folder","embeddable":true,"href":"https:\/\/www.vokv.dk\/index.php?rest_route=%2Fwp%2Fv2%2Ffolder&post=22"}],"curies":[{"name":"wp","href":"https:\/\/api.w.org\/{rel}","templated":true}]}}