{"id":1955,"date":"2019-06-26T17:18:11","date_gmt":"2019-06-26T15:18:11","guid":{"rendered":"https:\/\/www.vokv.dk\/?page_id=1955"},"modified":"2021-04-02T18:07:36","modified_gmt":"2021-04-02T16:07:36","slug":"solvarme-ved-vaerum","status":"publish","type":"page","link":"https:\/\/www.vokv.dk\/?page_id=1955","title":{"rendered":"Projekt Solvarme"},"content":{"rendered":"<p>Randers Kommune har godkendt vores solvarmeprojekt p\u00e5 Hammelvej.<\/p>\n<p>Der er i h\u00f8ringsperioden indkommet to indsigelser, som kommunen har taget h\u00f8jde for.<\/p>\n<p>Dermed kan byggeriet af det 8.272 m<sup>2\u00a0<\/sup>store anl\u00e6g igangs\u00e6ttes.<\/p>\n<p>Anl\u00e6gget kan producere 3.100 MWh svarende til ca. det halve af v\u00e6rkets nuv\u00e6rende \u00e5rlige produktion.<\/p>\n<p>Anl\u00e6gget er taget i brug midt juni 2020.<\/p>\n<p style=\"text-align: left;\">Her er der nogle billeder af hele byggefasen der er afsluttet.<\/p>\n<style type=\"text\/css\">\n#foogallery-gallery-2506 .fg-image { width: 640px; }<\/style>\n\t\t\t<div class=\"foogallery foogallery-container foogallery-image-viewer foogallery-link-image foogallery-lightbox-foobox fg-center fg-image-viewer fg-ready fg-light fg-border-thin fg-shadow-outline fg-loading-default fg-loaded-fade-in fg-caption-hover fg-hover-fade fg-hover-zoom\" id=\"foogallery-gallery-2506\" data-foogallery=\"{&quot;item&quot;:{&quot;showCaptionTitle&quot;:true,&quot;showCaptionDescription&quot;:true},&quot;lazy&quot;:true,&quot;template&quot;:{&quot;loop&quot;:true}}\" style=\"--fg-title-line-clamp: 0; --fg-description-line-clamp: 0;\" >\n\t<div class=\"fiv-inner\">\n\t\t<div class=\"fiv-inner-container\">\n\t\t\t<div class=\"fg-item fg-type-image fg-idle\"><figure class=\"fg-item-inner\"><a href=\"https:\/\/www.vokv.dk\/wp-content\/uploads\/2019\/12\/Solfelt-start-scaled.jpg\" data-caption-title=\"Der etableres indk\u00f8rsel. 13-11-2019\" data-attachment-id=\"2528\" data-type=\"image\" class=\"fg-thumb\"><span class=\"fg-image-wrap\"><img fetchpriority=\"high\" decoding=\"async\" alt=\"Solfelt start\" title=\"Der etableres indk\u00f8rsel. 13-11-2019\" width=\"640\" height=\"360\" class=\"skip-lazy fg-image\" data-src-fg=\"https:\/\/www.vokv.dk\/wp-content\/uploads\/cache\/2019\/12\/Solfelt-start-scaled\/4062967454.jpg\" src=\"data:image\/svg+xml,%3Csvg%20xmlns%3D%22http%3A%2F%2Fwww.w3.org%2F2000%2Fsvg%22%20width%3D%22640%22%20height%3D%22360%22%20viewBox%3D%220%200%20640%20360%22%3E%3C%2Fsvg%3E\" loading=\"eager\"><\/span><span class=\"fg-image-overlay\"><\/span><\/a><figcaption class=\"fg-caption\"><div class=\"fg-caption-inner\"><div class=\"fg-caption-title\">Der etableres indk\u00f8rsel. 13-11-2019<\/div><\/div><\/figcaption><\/figure><div class=\"fg-loader\"><\/div><\/div><div class=\"fg-item fg-type-image fg-idle\"><figure class=\"fg-item-inner\"><a href=\"https:\/\/www.vokv.dk\/wp-content\/uploads\/2019\/12\/S\u00f8ren-1-scaled.jpg\" data-caption-title=\"Der fjernes overfladejord. 02-12-2019\" data-attachment-id=\"2530\" data-type=\"image\" class=\"fg-thumb\"><span class=\"fg-image-wrap\"><img decoding=\"async\" alt=\"S\u00f8ren\" title=\"Der fjernes overfladejord. 02-12-2019\" width=\"640\" height=\"360\" class=\"skip-lazy fg-image\" data-src-fg=\"https:\/\/www.vokv.dk\/wp-content\/uploads\/cache\/2019\/12\/S\u00f8ren-1-scaled\/399526087.jpg\" src=\"data:image\/svg+xml,%3Csvg%20xmlns%3D%22http%3A%2F%2Fwww.w3.org%2F2000%2Fsvg%22%20width%3D%22640%22%20height%3D%22360%22%20viewBox%3D%220%200%20640%20360%22%3E%3C%2Fsvg%3E\" loading=\"eager\"><\/span><span class=\"fg-image-overlay\"><\/span><\/a><figcaption class=\"fg-caption\"><div class=\"fg-caption-inner\"><div class=\"fg-caption-title\">Der fjernes overfladejord. 02-12-2019<\/div><\/div><\/figcaption><\/figure><div class=\"fg-loader\"><\/div><\/div><div class=\"fg-item fg-type-image fg-idle\"><figure class=\"fg-item-inner\"><a href=\"https:\/\/www.vokv.dk\/wp-content\/uploads\/2019\/12\/S\u00f8ren2-1-scaled.jpg\" data-caption-title=\"Der er ogs\u00e5 kommet en skurvogn. 02-12-2019\" data-attachment-id=\"2531\" data-type=\"image\" class=\"fg-thumb\"><span class=\"fg-image-wrap\"><img decoding=\"async\" alt=\"S\u00f8ren2\" title=\"Der er ogs\u00e5 kommet en skurvogn. 02-12-2019\" width=\"640\" height=\"360\" class=\"skip-lazy fg-image\" data-src-fg=\"https:\/\/www.vokv.dk\/wp-content\/uploads\/cache\/2019\/12\/S\u00f8ren2-1-scaled\/773609275.jpg\" src=\"data:image\/svg+xml,%3Csvg%20xmlns%3D%22http%3A%2F%2Fwww.w3.org%2F2000%2Fsvg%22%20width%3D%22640%22%20height%3D%22360%22%20viewBox%3D%220%200%20640%20360%22%3E%3C%2Fsvg%3E\" loading=\"eager\"><\/span><span class=\"fg-image-overlay\"><\/span><\/a><figcaption class=\"fg-caption\"><div class=\"fg-caption-inner\"><div class=\"fg-caption-title\">Der er ogs\u00e5 kommet en skurvogn. 02-12-2019<\/div><\/div><\/figcaption><\/figure><div class=\"fg-loader\"><\/div><\/div><div class=\"fg-item fg-type-image fg-idle\"><figure class=\"fg-item-inner\"><a href=\"https:\/\/www.vokv.dk\/wp-content\/uploads\/2019\/12\/Solfelt3.jpg\" data-caption-title=\"Byggefeltet klarg\u00f8res. 04-12-2019\" data-attachment-id=\"2481\" data-type=\"image\" class=\"fg-thumb\"><span class=\"fg-image-wrap\"><img decoding=\"async\" alt=\"Byggefeltet klarg\u00f8res. fra Gl. Landevej 4-12-2019\" title=\"Byggefeltet klarg\u00f8res. 04-12-2019\" width=\"640\" height=\"360\" class=\"skip-lazy fg-image\" data-src-fg=\"https:\/\/www.vokv.dk\/wp-content\/uploads\/cache\/2019\/12\/Solfelt3\/2813185015.jpg\" src=\"data:image\/svg+xml,%3Csvg%20xmlns%3D%22http%3A%2F%2Fwww.w3.org%2F2000%2Fsvg%22%20width%3D%22640%22%20height%3D%22360%22%20viewBox%3D%220%200%20640%20360%22%3E%3C%2Fsvg%3E\" loading=\"eager\"><\/span><span class=\"fg-image-overlay\"><\/span><\/a><figcaption class=\"fg-caption\"><div class=\"fg-caption-inner\"><div class=\"fg-caption-title\">Byggefeltet klarg\u00f8res. 04-12-2019<\/div><\/div><\/figcaption><\/figure><div class=\"fg-loader\"><\/div><\/div><div class=\"fg-item fg-type-image fg-idle\"><figure class=\"fg-item-inner\"><a href=\"https:\/\/www.vokv.dk\/wp-content\/uploads\/2019\/12\/DSC06219-scaled.jpg\" data-caption-title=\"Der graves 09-12-2019\" data-attachment-id=\"2499\" data-type=\"image\" class=\"fg-thumb\"><span class=\"fg-image-wrap\"><img decoding=\"async\" alt=\"Solfelt\" title=\"Der graves 09-12-2019\" width=\"640\" height=\"360\" class=\"skip-lazy fg-image\" data-src-fg=\"https:\/\/www.vokv.dk\/wp-content\/uploads\/cache\/2019\/12\/DSC06219-scaled\/3080292493.jpg\" src=\"data:image\/svg+xml,%3Csvg%20xmlns%3D%22http%3A%2F%2Fwww.w3.org%2F2000%2Fsvg%22%20width%3D%22640%22%20height%3D%22360%22%20viewBox%3D%220%200%20640%20360%22%3E%3C%2Fsvg%3E\" loading=\"eager\"><\/span><span class=\"fg-image-overlay\"><\/span><\/a><figcaption class=\"fg-caption\"><div class=\"fg-caption-inner\"><div class=\"fg-caption-title\">Der graves 09-12-2019<\/div><\/div><\/figcaption><\/figure><div class=\"fg-loader\"><\/div><\/div><div class=\"fg-item fg-type-image fg-idle\"><figure class=\"fg-item-inner\"><a href=\"https:\/\/www.vokv.dk\/wp-content\/uploads\/2019\/12\/DSC06239.jpg\" data-caption-title=\"Det er l\u00f8rdag den 14-12-2019\" data-attachment-id=\"2524\" data-type=\"image\" class=\"fg-thumb\"><span class=\"fg-image-wrap\"><img decoding=\"async\" alt=\"Solfelt19\" title=\"Det er l\u00f8rdag den 14-12-2019\" width=\"640\" height=\"360\" class=\"skip-lazy fg-image\" data-src-fg=\"https:\/\/www.vokv.dk\/wp-content\/uploads\/cache\/2019\/12\/DSC06239\/3422704511.jpg\" src=\"data:image\/svg+xml,%3Csvg%20xmlns%3D%22http%3A%2F%2Fwww.w3.org%2F2000%2Fsvg%22%20width%3D%22640%22%20height%3D%22360%22%20viewBox%3D%220%200%20640%20360%22%3E%3C%2Fsvg%3E\" loading=\"eager\"><\/span><span class=\"fg-image-overlay\"><\/span><\/a><figcaption class=\"fg-caption\"><div class=\"fg-caption-inner\"><div class=\"fg-caption-title\">Det er l\u00f8rdag den 14-12-2019<\/div><\/div><\/figcaption><\/figure><div class=\"fg-loader\"><\/div><\/div><div class=\"fg-item fg-type-image fg-idle\"><figure class=\"fg-item-inner\"><a href=\"https:\/\/www.vokv.dk\/wp-content\/uploads\/2019\/12\/DSC06248.jpg\" data-caption-title=\"Det hele er meget v\u00e5dt. 14-12-2019\" data-attachment-id=\"2523\" data-type=\"image\" class=\"fg-thumb\"><span class=\"fg-image-wrap\"><img decoding=\"async\" alt=\"Solfelt18\" title=\"Det hele er meget v\u00e5dt. 14-12-2019\" width=\"640\" height=\"360\" class=\"skip-lazy fg-image\" data-src-fg=\"https:\/\/www.vokv.dk\/wp-content\/uploads\/cache\/2019\/12\/DSC06248\/2830238311.jpg\" src=\"data:image\/svg+xml,%3Csvg%20xmlns%3D%22http%3A%2F%2Fwww.w3.org%2F2000%2Fsvg%22%20width%3D%22640%22%20height%3D%22360%22%20viewBox%3D%220%200%20640%20360%22%3E%3C%2Fsvg%3E\" loading=\"eager\"><\/span><span class=\"fg-image-overlay\"><\/span><\/a><figcaption class=\"fg-caption\"><div class=\"fg-caption-inner\"><div class=\"fg-caption-title\">Det hele er meget v\u00e5dt. 14-12-2019<\/div><\/div><\/figcaption><\/figure><div class=\"fg-loader\"><\/div><\/div><div class=\"fg-item fg-type-image fg-idle\"><figure class=\"fg-item-inner\"><a href=\"https:\/\/www.vokv.dk\/wp-content\/uploads\/2019\/12\/DSC06245.jpg\" data-caption-title=\"Vand og mudder. 14-12-2019\" data-attachment-id=\"2520\" data-type=\"image\" class=\"fg-thumb\"><span class=\"fg-image-wrap\"><img decoding=\"async\" alt=\"Solfelt15\" title=\"Vand og mudder. 14-12-2019\" width=\"640\" height=\"360\" class=\"skip-lazy fg-image\" data-src-fg=\"https:\/\/www.vokv.dk\/wp-content\/uploads\/cache\/2019\/12\/DSC06245\/1110817693.jpg\" src=\"data:image\/svg+xml,%3Csvg%20xmlns%3D%22http%3A%2F%2Fwww.w3.org%2F2000%2Fsvg%22%20width%3D%22640%22%20height%3D%22360%22%20viewBox%3D%220%200%20640%20360%22%3E%3C%2Fsvg%3E\" loading=\"eager\"><\/span><span class=\"fg-image-overlay\"><\/span><\/a><figcaption class=\"fg-caption\"><div class=\"fg-caption-inner\"><div class=\"fg-caption-title\">Vand og mudder. 14-12-2019<\/div><\/div><\/figcaption><\/figure><div class=\"fg-loader\"><\/div><\/div><div class=\"fg-item fg-type-image fg-idle\"><figure class=\"fg-item-inner\"><a href=\"https:\/\/www.vokv.dk\/wp-content\/uploads\/2019\/12\/DSC06262.jpg\" data-caption-title=\"Der er k\u00f8replader s\u00e5 langt \u00f8jet r\u00e6kker 21-12-2019\" data-attachment-id=\"2549\" data-type=\"image\" class=\"fg-thumb\"><span class=\"fg-image-wrap\"><img decoding=\"async\" title=\"Der er k\u00f8replader s\u00e5 langt \u00f8jet r\u00e6kker 21-12-2019\" width=\"640\" height=\"360\" class=\"skip-lazy fg-image\" data-src-fg=\"https:\/\/www.vokv.dk\/wp-content\/uploads\/cache\/2019\/12\/DSC06262\/1796286731.jpg\" src=\"data:image\/svg+xml,%3Csvg%20xmlns%3D%22http%3A%2F%2Fwww.w3.org%2F2000%2Fsvg%22%20width%3D%22640%22%20height%3D%22360%22%20viewBox%3D%220%200%20640%20360%22%3E%3C%2Fsvg%3E\" loading=\"eager\"><\/span><span class=\"fg-image-overlay\"><\/span><\/a><figcaption class=\"fg-caption\"><div class=\"fg-caption-inner\"><div class=\"fg-caption-title\">Der er k\u00f8replader s\u00e5 langt \u00f8jet r\u00e6kker 21-12-2019<\/div><\/div><\/figcaption><\/figure><div class=\"fg-loader\"><\/div><\/div><div class=\"fg-item fg-type-image fg-idle\"><figure class=\"fg-item-inner\"><a href=\"https:\/\/www.vokv.dk\/wp-content\/uploads\/2019\/12\/DSC06265.jpg\" data-caption-title=\"De f\u00f8rste r\u00f8r til solpanelerne 21-12-2019\" data-attachment-id=\"2551\" data-type=\"image\" class=\"fg-thumb\"><span class=\"fg-image-wrap\"><img decoding=\"async\" title=\"De f\u00f8rste r\u00f8r til solpanelerne 21-12-2019\" width=\"640\" height=\"360\" class=\"skip-lazy fg-image\" data-src-fg=\"https:\/\/www.vokv.dk\/wp-content\/uploads\/cache\/2019\/12\/DSC06265\/2769473599.jpg\" src=\"data:image\/svg+xml,%3Csvg%20xmlns%3D%22http%3A%2F%2Fwww.w3.org%2F2000%2Fsvg%22%20width%3D%22640%22%20height%3D%22360%22%20viewBox%3D%220%200%20640%20360%22%3E%3C%2Fsvg%3E\" loading=\"eager\"><\/span><span class=\"fg-image-overlay\"><\/span><\/a><figcaption class=\"fg-caption\"><div class=\"fg-caption-inner\"><div class=\"fg-caption-title\">De f\u00f8rste r\u00f8r til solpanelerne 21-12-2019<\/div><\/div><\/figcaption><\/figure><div class=\"fg-loader\"><\/div><\/div><div class=\"fg-item fg-type-image fg-idle\"><figure class=\"fg-item-inner\"><a href=\"https:\/\/www.vokv.dk\/wp-content\/uploads\/2019\/12\/DSC06292.jpg\" data-caption-title=\"Sandpude til teknikbygning 21-12-2019\" data-attachment-id=\"2548\" data-type=\"image\" class=\"fg-thumb\"><span class=\"fg-image-wrap\"><img decoding=\"async\" title=\"Sandpude til teknikbygning 21-12-2019\" width=\"640\" height=\"360\" class=\"skip-lazy fg-image\" data-src-fg=\"https:\/\/www.vokv.dk\/wp-content\/uploads\/cache\/2019\/12\/DSC06292\/2614526659.jpg\" src=\"data:image\/svg+xml,%3Csvg%20xmlns%3D%22http%3A%2F%2Fwww.w3.org%2F2000%2Fsvg%22%20width%3D%22640%22%20height%3D%22360%22%20viewBox%3D%220%200%20640%20360%22%3E%3C%2Fsvg%3E\" loading=\"eager\"><\/span><span class=\"fg-image-overlay\"><\/span><\/a><figcaption class=\"fg-caption\"><div class=\"fg-caption-inner\"><div class=\"fg-caption-title\">Sandpude til teknikbygning 21-12-2019<\/div><\/div><\/figcaption><\/figure><div class=\"fg-loader\"><\/div><\/div><div class=\"fg-item fg-type-image fg-idle\"><figure class=\"fg-item-inner\"><a href=\"https:\/\/www.vokv.dk\/wp-content\/uploads\/2020\/01\/Vandv\u00e6rket-1-1.jpg\" data-caption-title=\"Vandv\u00e6rket graver p\u00e5 Gl. Landevej.\" data-attachment-id=\"2572\" data-type=\"image\" class=\"fg-thumb\"><span class=\"fg-image-wrap\"><img decoding=\"async\" title=\"Vandv\u00e6rket graver p\u00e5 Gl. Landevej.\" width=\"640\" height=\"360\" class=\"skip-lazy fg-image\" data-src-fg=\"https:\/\/www.vokv.dk\/wp-content\/uploads\/cache\/2020\/01\/Vandv\u00e6rket-1-1\/1562031383.jpg\" src=\"data:image\/svg+xml,%3Csvg%20xmlns%3D%22http%3A%2F%2Fwww.w3.org%2F2000%2Fsvg%22%20width%3D%22640%22%20height%3D%22360%22%20viewBox%3D%220%200%20640%20360%22%3E%3C%2Fsvg%3E\" loading=\"eager\"><\/span><span class=\"fg-image-overlay\"><\/span><\/a><figcaption class=\"fg-caption\"><div class=\"fg-caption-inner\"><div class=\"fg-caption-title\">Vandv\u00e6rket graver p\u00e5 Gl. Landevej.<\/div><\/div><\/figcaption><\/figure><div class=\"fg-loader\"><\/div><\/div><div class=\"fg-item fg-type-image fg-idle\"><figure class=\"fg-item-inner\"><a href=\"https:\/\/www.vokv.dk\/wp-content\/uploads\/2020\/01\/Vandv\u00e6rket-4-1.jpg\" data-caption-title=\"Vandv\u00e6rket f\u00f8rer vand frem til solfeltet. 02-01-2020\" data-attachment-id=\"2571\" data-type=\"image\" class=\"fg-thumb\"><span class=\"fg-image-wrap\"><img decoding=\"async\" title=\"Vandv\u00e6rket f\u00f8rer vand frem til solfeltet. 02-01-2020\" width=\"640\" height=\"360\" class=\"skip-lazy fg-image\" data-src-fg=\"https:\/\/www.vokv.dk\/wp-content\/uploads\/cache\/2020\/01\/Vandv\u00e6rket-4-1\/15918763.jpg\" src=\"data:image\/svg+xml,%3Csvg%20xmlns%3D%22http%3A%2F%2Fwww.w3.org%2F2000%2Fsvg%22%20width%3D%22640%22%20height%3D%22360%22%20viewBox%3D%220%200%20640%20360%22%3E%3C%2Fsvg%3E\" loading=\"eager\"><\/span><span class=\"fg-image-overlay\"><\/span><\/a><figcaption class=\"fg-caption\"><div class=\"fg-caption-inner\"><div class=\"fg-caption-title\">Vandv\u00e6rket f\u00f8rer vand frem til solfeltet. 02-01-2020<\/div><\/div><\/figcaption><\/figure><div class=\"fg-loader\"><\/div><\/div><div class=\"fg-item fg-type-image fg-idle\"><figure class=\"fg-item-inner\"><a href=\"https:\/\/www.vokv.dk\/wp-content\/uploads\/2020\/01\/Solfelt31.jpg\" data-caption-title=\"Byggestr\u00f8m til solfelt forberedes. 06-01-2020\" data-attachment-id=\"2582\" data-type=\"image\" class=\"fg-thumb\"><span class=\"fg-image-wrap\"><img decoding=\"async\" title=\"Byggestr\u00f8m til solfelt forberedes. 06-01-2020\" width=\"640\" height=\"360\" class=\"skip-lazy fg-image\" data-src-fg=\"https:\/\/www.vokv.dk\/wp-content\/uploads\/cache\/2020\/01\/Solfelt31\/3466550615.jpg\" src=\"data:image\/svg+xml,%3Csvg%20xmlns%3D%22http%3A%2F%2Fwww.w3.org%2F2000%2Fsvg%22%20width%3D%22640%22%20height%3D%22360%22%20viewBox%3D%220%200%20640%20360%22%3E%3C%2Fsvg%3E\" loading=\"eager\"><\/span><span class=\"fg-image-overlay\"><\/span><\/a><figcaption class=\"fg-caption\"><div class=\"fg-caption-inner\"><div class=\"fg-caption-title\">Byggestr\u00f8m til solfelt forberedes. 06-01-2020<\/div><\/div><\/figcaption><\/figure><div class=\"fg-loader\"><\/div><\/div><div class=\"fg-item fg-type-image fg-idle\"><figure class=\"fg-item-inner\"><a href=\"https:\/\/www.vokv.dk\/wp-content\/uploads\/2020\/01\/Solfelt33.jpg\" data-caption-title=\"Sandpude til akkumuleringstank 11-01-2020\" data-attachment-id=\"2587\" data-type=\"image\" class=\"fg-thumb\"><span class=\"fg-image-wrap\"><img decoding=\"async\" title=\"Sandpude til akkumuleringstank 11-01-2020\" width=\"640\" height=\"360\" class=\"skip-lazy fg-image\" data-src-fg=\"https:\/\/www.vokv.dk\/wp-content\/uploads\/cache\/2020\/01\/Solfelt33\/2728185951.jpg\" src=\"data:image\/svg+xml,%3Csvg%20xmlns%3D%22http%3A%2F%2Fwww.w3.org%2F2000%2Fsvg%22%20width%3D%22640%22%20height%3D%22360%22%20viewBox%3D%220%200%20640%20360%22%3E%3C%2Fsvg%3E\" loading=\"eager\"><\/span><span class=\"fg-image-overlay\"><\/span><\/a><figcaption class=\"fg-caption\"><div class=\"fg-caption-inner\"><div class=\"fg-caption-title\">Sandpude til akkumuleringstank 11-01-2020<\/div><\/div><\/figcaption><\/figure><div class=\"fg-loader\"><\/div><\/div><div class=\"fg-item fg-type-image fg-idle\"><figure class=\"fg-item-inner\"><a href=\"https:\/\/www.vokv.dk\/wp-content\/uploads\/2020\/01\/Solfelt35.jpg\" data-caption-title=\"S\u00e5 kom byggestr\u00f8mmen 11-01-2020\" data-attachment-id=\"2586\" data-type=\"image\" class=\"fg-thumb\"><span class=\"fg-image-wrap\"><img decoding=\"async\" title=\"S\u00e5 kom byggestr\u00f8mmen 11-01-2020\" width=\"640\" height=\"360\" class=\"skip-lazy fg-image\" data-src-fg=\"https:\/\/www.vokv.dk\/wp-content\/uploads\/cache\/2020\/01\/Solfelt35\/11997052.jpg\" src=\"data:image\/svg+xml,%3Csvg%20xmlns%3D%22http%3A%2F%2Fwww.w3.org%2F2000%2Fsvg%22%20width%3D%22640%22%20height%3D%22360%22%20viewBox%3D%220%200%20640%20360%22%3E%3C%2Fsvg%3E\" loading=\"eager\"><\/span><span class=\"fg-image-overlay\"><\/span><\/a><figcaption class=\"fg-caption\"><div class=\"fg-caption-inner\"><div class=\"fg-caption-title\">S\u00e5 kom byggestr\u00f8mmen 11-01-2020<\/div><\/div><\/figcaption><\/figure><div class=\"fg-loader\"><\/div><\/div><div class=\"fg-item fg-type-image fg-idle\"><figure class=\"fg-item-inner\"><a href=\"https:\/\/www.vokv.dk\/wp-content\/uploads\/2020\/01\/Solfelt34.jpg\" data-caption-title=\"Det g\u00e5r fremad med r\u00f8rene til solpanelerne.11-01-2020\" data-attachment-id=\"2585\" data-type=\"image\" class=\"fg-thumb\"><span class=\"fg-image-wrap\"><img decoding=\"async\" title=\"Det g\u00e5r fremad med r\u00f8rene til solpanelerne.11-01-2020\" width=\"640\" height=\"360\" class=\"skip-lazy fg-image\" data-src-fg=\"https:\/\/www.vokv.dk\/wp-content\/uploads\/cache\/2020\/01\/Solfelt34\/1624273934.jpg\" src=\"data:image\/svg+xml,%3Csvg%20xmlns%3D%22http%3A%2F%2Fwww.w3.org%2F2000%2Fsvg%22%20width%3D%22640%22%20height%3D%22360%22%20viewBox%3D%220%200%20640%20360%22%3E%3C%2Fsvg%3E\" loading=\"eager\"><\/span><span class=\"fg-image-overlay\"><\/span><\/a><figcaption class=\"fg-caption\"><div class=\"fg-caption-inner\"><div class=\"fg-caption-title\">Det g\u00e5r fremad med r\u00f8rene til solpanelerne.11-01-2020<\/div><\/div><\/figcaption><\/figure><div class=\"fg-loader\"><\/div><\/div><div class=\"fg-item fg-type-image fg-idle\"><figure class=\"fg-item-inner\"><a href=\"https:\/\/www.vokv.dk\/wp-content\/uploads\/2020\/01\/Solfelt_10kV.jpg\" data-caption-title=\"10kV p\u00e5 gl. Landevej\" data-attachment-id=\"2591\" data-type=\"image\" class=\"fg-thumb\"><span class=\"fg-image-wrap\"><img decoding=\"async\" title=\"10kV p\u00e5 gl. Landevej\" width=\"640\" height=\"360\" class=\"skip-lazy fg-image\" data-src-fg=\"https:\/\/www.vokv.dk\/wp-content\/uploads\/cache\/2020\/01\/Solfelt_10kV\/1234309627.jpg\" src=\"data:image\/svg+xml,%3Csvg%20xmlns%3D%22http%3A%2F%2Fwww.w3.org%2F2000%2Fsvg%22%20width%3D%22640%22%20height%3D%22360%22%20viewBox%3D%220%200%20640%20360%22%3E%3C%2Fsvg%3E\" loading=\"eager\"><\/span><span class=\"fg-image-overlay\"><\/span><\/a><figcaption class=\"fg-caption\"><div class=\"fg-caption-inner\"><div class=\"fg-caption-title\">10kV p\u00e5 gl. Landevej<\/div><\/div><\/figcaption><\/figure><div class=\"fg-loader\"><\/div><\/div><div class=\"fg-item fg-type-image fg-idle\"><figure class=\"fg-item-inner\"><a href=\"https:\/\/www.vokv.dk\/wp-content\/uploads\/2020\/01\/Solfelt_aku-1.jpg\" data-caption-title=\"Der er sat af til teknikbygning. 19-01-2020\" data-attachment-id=\"2592\" data-type=\"image\" class=\"fg-thumb\"><span class=\"fg-image-wrap\"><img decoding=\"async\" title=\"Der er sat af til teknikbygning. 19-01-2020\" width=\"640\" height=\"360\" class=\"skip-lazy fg-image\" data-src-fg=\"https:\/\/www.vokv.dk\/wp-content\/uploads\/cache\/2020\/01\/Solfelt_aku-1\/533630763.jpg\" src=\"data:image\/svg+xml,%3Csvg%20xmlns%3D%22http%3A%2F%2Fwww.w3.org%2F2000%2Fsvg%22%20width%3D%22640%22%20height%3D%22360%22%20viewBox%3D%220%200%20640%20360%22%3E%3C%2Fsvg%3E\" loading=\"eager\"><\/span><span class=\"fg-image-overlay\"><\/span><\/a><figcaption class=\"fg-caption\"><div class=\"fg-caption-inner\"><div class=\"fg-caption-title\">Der er sat af til teknikbygning. 19-01-2020<\/div><\/div><\/figcaption><\/figure><div class=\"fg-loader\"><\/div><\/div><div class=\"fg-item fg-type-image fg-idle\"><figure class=\"fg-item-inner\"><a href=\"https:\/\/www.vokv.dk\/wp-content\/uploads\/2020\/01\/Solfelt_aku-2.jpg\" data-caption-title=\"Fundament til akkumuleringstank. 19-01-2020\" data-attachment-id=\"2589\" data-type=\"image\" class=\"fg-thumb\"><span class=\"fg-image-wrap\"><img decoding=\"async\" title=\"Fundament til akkumuleringstank. 19-01-2020\" width=\"640\" height=\"360\" class=\"skip-lazy fg-image\" data-src-fg=\"https:\/\/www.vokv.dk\/wp-content\/uploads\/cache\/2020\/01\/Solfelt_aku-2\/1912320659.jpg\" src=\"data:image\/svg+xml,%3Csvg%20xmlns%3D%22http%3A%2F%2Fwww.w3.org%2F2000%2Fsvg%22%20width%3D%22640%22%20height%3D%22360%22%20viewBox%3D%220%200%20640%20360%22%3E%3C%2Fsvg%3E\" loading=\"eager\"><\/span><span class=\"fg-image-overlay\"><\/span><\/a><figcaption class=\"fg-caption\"><div class=\"fg-caption-inner\"><div class=\"fg-caption-title\">Fundament til akkumuleringstank. 19-01-2020<\/div><\/div><\/figcaption><\/figure><div class=\"fg-loader\"><\/div><\/div><div class=\"fg-item fg-type-image fg-idle\"><figure class=\"fg-item-inner\"><a href=\"https:\/\/www.vokv.dk\/wp-content\/uploads\/2020\/01\/Solfelt2-1.jpg\" data-caption-title=\"St\u00f8bning af den f\u00f8rste del af fundamentet. 25-01-2020\" data-attachment-id=\"2597\" data-type=\"image\" class=\"fg-thumb\"><span class=\"fg-image-wrap\"><img decoding=\"async\" title=\"St\u00f8bning af den f\u00f8rste del af fundamentet. 25-01-2020\" width=\"640\" height=\"360\" class=\"skip-lazy fg-image\" data-src-fg=\"https:\/\/www.vokv.dk\/wp-content\/uploads\/cache\/2020\/01\/Solfelt2-1\/2096863264.jpg\" src=\"data:image\/svg+xml,%3Csvg%20xmlns%3D%22http%3A%2F%2Fwww.w3.org%2F2000%2Fsvg%22%20width%3D%22640%22%20height%3D%22360%22%20viewBox%3D%220%200%20640%20360%22%3E%3C%2Fsvg%3E\" loading=\"eager\"><\/span><span class=\"fg-image-overlay\"><\/span><\/a><figcaption class=\"fg-caption\"><div class=\"fg-caption-inner\"><div class=\"fg-caption-title\">St\u00f8bning af den f\u00f8rste del af fundamentet. 25-01-2020<\/div><\/div><\/figcaption><\/figure><div class=\"fg-loader\"><\/div><\/div><div class=\"fg-item fg-type-image fg-idle\"><figure class=\"fg-item-inner\"><a href=\"https:\/\/www.vokv.dk\/wp-content\/uploads\/2020\/01\/Solfelt2-2.jpg\" data-caption-title=\"Fundament til akkumuleringstank. 25-01-2020\" data-attachment-id=\"2593\" data-type=\"image\" class=\"fg-thumb\"><span class=\"fg-image-wrap\"><img decoding=\"async\" title=\"Fundament til akkumuleringstank. 25-01-2020\" width=\"640\" height=\"360\" class=\"skip-lazy fg-image\" data-src-fg=\"https:\/\/www.vokv.dk\/wp-content\/uploads\/cache\/2020\/01\/Solfelt2-2\/65675229.jpg\" src=\"data:image\/svg+xml,%3Csvg%20xmlns%3D%22http%3A%2F%2Fwww.w3.org%2F2000%2Fsvg%22%20width%3D%22640%22%20height%3D%22360%22%20viewBox%3D%220%200%20640%20360%22%3E%3C%2Fsvg%3E\" loading=\"eager\"><\/span><span class=\"fg-image-overlay\"><\/span><\/a><figcaption class=\"fg-caption\"><div class=\"fg-caption-inner\"><div class=\"fg-caption-title\">Fundament til akkumuleringstank. 25-01-2020<\/div><\/div><\/figcaption><\/figure><div class=\"fg-loader\"><\/div><\/div><div class=\"fg-item fg-type-image fg-idle\"><figure class=\"fg-item-inner\"><a href=\"https:\/\/www.vokv.dk\/wp-content\/uploads\/2020\/01\/Solfelt2-4.jpg\" data-caption-title=\"R\u00f8r til solpaneler graves ned. 25-01-2020\" data-attachment-id=\"2595\" data-type=\"image\" class=\"fg-thumb\"><span class=\"fg-image-wrap\"><img decoding=\"async\" title=\"R\u00f8r til solpaneler graves ned. 25-01-2020\" width=\"640\" height=\"360\" class=\"skip-lazy fg-image\" data-src-fg=\"https:\/\/www.vokv.dk\/wp-content\/uploads\/cache\/2020\/01\/Solfelt2-4\/1289016907.jpg\" src=\"data:image\/svg+xml,%3Csvg%20xmlns%3D%22http%3A%2F%2Fwww.w3.org%2F2000%2Fsvg%22%20width%3D%22640%22%20height%3D%22360%22%20viewBox%3D%220%200%20640%20360%22%3E%3C%2Fsvg%3E\" loading=\"eager\"><\/span><span class=\"fg-image-overlay\"><\/span><\/a><figcaption class=\"fg-caption\"><div class=\"fg-caption-inner\"><div class=\"fg-caption-title\">R\u00f8r til solpaneler graves ned. 25-01-2020<\/div><\/div><\/figcaption><\/figure><div class=\"fg-loader\"><\/div><\/div><div class=\"fg-item fg-type-image fg-idle\"><figure class=\"fg-item-inner\"><a href=\"https:\/\/www.vokv.dk\/wp-content\/uploads\/2020\/02\/Solfelt3-7.jpg\" data-caption-title=\"L\u00f8rdag den 01-02-2020\" data-attachment-id=\"2613\" data-type=\"image\" class=\"fg-thumb\"><span class=\"fg-image-wrap\"><img decoding=\"async\" title=\"L\u00f8rdag den 01-02-2020\" width=\"640\" height=\"360\" class=\"skip-lazy fg-image\" data-src-fg=\"https:\/\/www.vokv.dk\/wp-content\/uploads\/cache\/2020\/02\/Solfelt3-7\/2700380913.jpg\" src=\"data:image\/svg+xml,%3Csvg%20xmlns%3D%22http%3A%2F%2Fwww.w3.org%2F2000%2Fsvg%22%20width%3D%22640%22%20height%3D%22360%22%20viewBox%3D%220%200%20640%20360%22%3E%3C%2Fsvg%3E\" loading=\"eager\"><\/span><span class=\"fg-image-overlay\"><\/span><\/a><figcaption class=\"fg-caption\"><div class=\"fg-caption-inner\"><div class=\"fg-caption-title\">L\u00f8rdag den 01-02-2020<\/div><\/div><\/figcaption><\/figure><div class=\"fg-loader\"><\/div><\/div><div class=\"fg-item fg-type-image fg-idle\"><figure class=\"fg-item-inner\"><a href=\"https:\/\/www.vokv.dk\/wp-content\/uploads\/2020\/02\/Solfelt3-1.jpg\" data-caption-title=\"Teknikbygning 01-02-2020\" data-attachment-id=\"2607\" data-type=\"image\" class=\"fg-thumb\"><span class=\"fg-image-wrap\"><img decoding=\"async\" title=\"Teknikbygning 01-02-2020\" width=\"640\" height=\"360\" class=\"skip-lazy fg-image\" data-src-fg=\"https:\/\/www.vokv.dk\/wp-content\/uploads\/cache\/2020\/02\/Solfelt3-1\/853436704.jpg\" src=\"data:image\/svg+xml,%3Csvg%20xmlns%3D%22http%3A%2F%2Fwww.w3.org%2F2000%2Fsvg%22%20width%3D%22640%22%20height%3D%22360%22%20viewBox%3D%220%200%20640%20360%22%3E%3C%2Fsvg%3E\" loading=\"eager\"><\/span><span class=\"fg-image-overlay\"><\/span><\/a><figcaption class=\"fg-caption\"><div class=\"fg-caption-inner\"><div class=\"fg-caption-title\">Teknikbygning 01-02-2020<\/div><\/div><\/figcaption><\/figure><div class=\"fg-loader\"><\/div><\/div><div class=\"fg-item fg-type-image fg-idle\"><figure class=\"fg-item-inner\"><a href=\"https:\/\/www.vokv.dk\/wp-content\/uploads\/2020\/02\/Solfelt3-6.jpg\" data-caption-title=\"Fundament til akkumuleringstank f\u00e6rdig 01-02-2020.\" data-attachment-id=\"2612\" data-type=\"image\" class=\"fg-thumb\"><span class=\"fg-image-wrap\"><img decoding=\"async\" title=\"Fundament til akkumuleringstank f\u00e6rdig 01-02-2020.\" width=\"640\" height=\"360\" class=\"skip-lazy fg-image\" data-src-fg=\"https:\/\/www.vokv.dk\/wp-content\/uploads\/cache\/2020\/02\/Solfelt3-6\/3179391304.jpg\" src=\"data:image\/svg+xml,%3Csvg%20xmlns%3D%22http%3A%2F%2Fwww.w3.org%2F2000%2Fsvg%22%20width%3D%22640%22%20height%3D%22360%22%20viewBox%3D%220%200%20640%20360%22%3E%3C%2Fsvg%3E\" loading=\"eager\"><\/span><span class=\"fg-image-overlay\"><\/span><\/a><figcaption class=\"fg-caption\"><div class=\"fg-caption-inner\"><div class=\"fg-caption-title\">Fundament til akkumuleringstank f\u00e6rdig 01-02-2020.<\/div><\/div><\/figcaption><\/figure><div class=\"fg-loader\"><\/div><\/div><div class=\"fg-item fg-type-image fg-idle\"><figure class=\"fg-item-inner\"><a href=\"https:\/\/www.vokv.dk\/wp-content\/uploads\/2020\/02\/Solfelt3-5.jpg\" data-caption-title=\"R\u00f8r til solpaneler i vand til halsen.\" data-attachment-id=\"2611\" data-type=\"image\" class=\"fg-thumb\"><span class=\"fg-image-wrap\"><img decoding=\"async\" title=\"R\u00f8r til solpaneler i vand til halsen.\" width=\"640\" height=\"360\" class=\"skip-lazy fg-image\" data-src-fg=\"https:\/\/www.vokv.dk\/wp-content\/uploads\/cache\/2020\/02\/Solfelt3-5\/2585709955.jpg\" src=\"data:image\/svg+xml,%3Csvg%20xmlns%3D%22http%3A%2F%2Fwww.w3.org%2F2000%2Fsvg%22%20width%3D%22640%22%20height%3D%22360%22%20viewBox%3D%220%200%20640%20360%22%3E%3C%2Fsvg%3E\" loading=\"eager\"><\/span><span class=\"fg-image-overlay\"><\/span><\/a><figcaption class=\"fg-caption\"><div class=\"fg-caption-inner\"><div class=\"fg-caption-title\">R\u00f8r til solpaneler i vand til halsen.<\/div><\/div><\/figcaption><\/figure><div class=\"fg-loader\"><\/div><\/div><div class=\"fg-item fg-type-image fg-idle\"><figure class=\"fg-item-inner\"><a href=\"https:\/\/www.vokv.dk\/wp-content\/uploads\/2020\/02\/Solfelt4-4.jpg\" data-caption-title=\"R\u00f8r til solpaneler.\" data-attachment-id=\"2641\" data-type=\"image\" class=\"fg-thumb\"><span class=\"fg-image-wrap\"><img decoding=\"async\" title=\"R\u00f8r til solpaneler.\" width=\"640\" height=\"360\" class=\"skip-lazy fg-image\" data-src-fg=\"https:\/\/www.vokv.dk\/wp-content\/uploads\/cache\/2020\/02\/Solfelt4-4\/3947700175.jpg\" src=\"data:image\/svg+xml,%3Csvg%20xmlns%3D%22http%3A%2F%2Fwww.w3.org%2F2000%2Fsvg%22%20width%3D%22640%22%20height%3D%22360%22%20viewBox%3D%220%200%20640%20360%22%3E%3C%2Fsvg%3E\" loading=\"eager\"><\/span><span class=\"fg-image-overlay\"><\/span><\/a><figcaption class=\"fg-caption\"><div class=\"fg-caption-inner\"><div class=\"fg-caption-title\">R\u00f8r til solpaneler.<\/div><\/div><\/figcaption><\/figure><div class=\"fg-loader\"><\/div><\/div><div class=\"fg-item fg-type-image fg-idle\"><figure class=\"fg-item-inner\"><a href=\"https:\/\/www.vokv.dk\/wp-content\/uploads\/2020\/02\/Solfelt4-3.jpg\" data-caption-title=\"Opbygning af akkumuleringstank er begyndt 08-02-2020\" data-attachment-id=\"2640\" data-type=\"image\" class=\"fg-thumb\"><span class=\"fg-image-wrap\"><img decoding=\"async\" title=\"Opbygning af akkumuleringstank er begyndt 08-02-2020\" width=\"640\" height=\"360\" class=\"skip-lazy fg-image\" data-src-fg=\"https:\/\/www.vokv.dk\/wp-content\/uploads\/cache\/2020\/02\/Solfelt4-3\/811021809.jpg\" src=\"data:image\/svg+xml,%3Csvg%20xmlns%3D%22http%3A%2F%2Fwww.w3.org%2F2000%2Fsvg%22%20width%3D%22640%22%20height%3D%22360%22%20viewBox%3D%220%200%20640%20360%22%3E%3C%2Fsvg%3E\" loading=\"eager\"><\/span><span class=\"fg-image-overlay\"><\/span><\/a><figcaption class=\"fg-caption\"><div class=\"fg-caption-inner\"><div class=\"fg-caption-title\">Opbygning af akkumuleringstank er begyndt 08-02-2020<\/div><\/div><\/figcaption><\/figure><div class=\"fg-loader\"><\/div><\/div><div class=\"fg-item fg-type-image fg-idle\"><figure class=\"fg-item-inner\"><a href=\"https:\/\/www.vokv.dk\/wp-content\/uploads\/2020\/02\/Solfelt4-1.jpg\" data-caption-title=\"Sp\u00e6rfag til teknikbygningen.\" data-attachment-id=\"2638\" data-type=\"image\" class=\"fg-thumb\"><span class=\"fg-image-wrap\"><img decoding=\"async\" title=\"Sp\u00e6rfag til teknikbygningen.\" width=\"640\" height=\"360\" class=\"skip-lazy fg-image\" data-src-fg=\"https:\/\/www.vokv.dk\/wp-content\/uploads\/cache\/2020\/02\/Solfelt4-1\/2245799819.jpg\" src=\"data:image\/svg+xml,%3Csvg%20xmlns%3D%22http%3A%2F%2Fwww.w3.org%2F2000%2Fsvg%22%20width%3D%22640%22%20height%3D%22360%22%20viewBox%3D%220%200%20640%20360%22%3E%3C%2Fsvg%3E\" loading=\"eager\"><\/span><span class=\"fg-image-overlay\"><\/span><\/a><figcaption class=\"fg-caption\"><div class=\"fg-caption-inner\"><div class=\"fg-caption-title\">Sp\u00e6rfag til teknikbygningen.<\/div><\/div><\/figcaption><\/figure><div class=\"fg-loader\"><\/div><\/div><div class=\"fg-item fg-type-image fg-idle\"><figure class=\"fg-item-inner\"><a href=\"https:\/\/www.vokv.dk\/wp-content\/uploads\/2020\/02\/Solfelt4-2.jpg\" data-caption-title=\"08-02-2020\" data-attachment-id=\"2639\" data-type=\"image\" class=\"fg-thumb\"><span class=\"fg-image-wrap\"><img decoding=\"async\" title=\"08-02-2020\" width=\"640\" height=\"360\" class=\"skip-lazy fg-image\" data-src-fg=\"https:\/\/www.vokv.dk\/wp-content\/uploads\/cache\/2020\/02\/Solfelt4-2\/3666611023.jpg\" src=\"data:image\/svg+xml,%3Csvg%20xmlns%3D%22http%3A%2F%2Fwww.w3.org%2F2000%2Fsvg%22%20width%3D%22640%22%20height%3D%22360%22%20viewBox%3D%220%200%20640%20360%22%3E%3C%2Fsvg%3E\" loading=\"eager\"><\/span><span class=\"fg-image-overlay\"><\/span><\/a><figcaption class=\"fg-caption\"><div class=\"fg-caption-inner\"><div class=\"fg-caption-title\">08-02-2020<\/div><\/div><\/figcaption><\/figure><div class=\"fg-loader\"><\/div><\/div><div class=\"fg-item fg-type-image fg-idle\"><figure class=\"fg-item-inner\"><a href=\"https:\/\/www.vokv.dk\/wp-content\/uploads\/2020\/02\/Solfelt5-1.jpg\" data-caption-title=\"Teknikbygning 14-02-2020\" data-attachment-id=\"2656\" data-type=\"image\" class=\"fg-thumb\"><span class=\"fg-image-wrap\"><img decoding=\"async\" title=\"Teknikbygning 14-02-2020\" width=\"640\" height=\"360\" class=\"skip-lazy fg-image\" data-src-fg=\"https:\/\/www.vokv.dk\/wp-content\/uploads\/cache\/2020\/02\/Solfelt5-1\/2973430763.jpg\" src=\"data:image\/svg+xml,%3Csvg%20xmlns%3D%22http%3A%2F%2Fwww.w3.org%2F2000%2Fsvg%22%20width%3D%22640%22%20height%3D%22360%22%20viewBox%3D%220%200%20640%20360%22%3E%3C%2Fsvg%3E\" loading=\"eager\"><\/span><span class=\"fg-image-overlay\"><\/span><\/a><figcaption class=\"fg-caption\"><div class=\"fg-caption-inner\"><div class=\"fg-caption-title\">Teknikbygning 14-02-2020<\/div><\/div><\/figcaption><\/figure><div class=\"fg-loader\"><\/div><\/div><div class=\"fg-item fg-type-image fg-idle\"><figure class=\"fg-item-inner\"><a href=\"https:\/\/www.vokv.dk\/wp-content\/uploads\/2020\/02\/Solfelt5-2.jpg\" data-caption-title=\"Skorstensfundament\" data-attachment-id=\"2657\" data-type=\"image\" class=\"fg-thumb\"><span class=\"fg-image-wrap\"><img decoding=\"async\" title=\"Skorstensfundament\" width=\"640\" height=\"360\" class=\"skip-lazy fg-image\" data-src-fg=\"https:\/\/www.vokv.dk\/wp-content\/uploads\/cache\/2020\/02\/Solfelt5-2\/3999979311.jpg\" src=\"data:image\/svg+xml,%3Csvg%20xmlns%3D%22http%3A%2F%2Fwww.w3.org%2F2000%2Fsvg%22%20width%3D%22640%22%20height%3D%22360%22%20viewBox%3D%220%200%20640%20360%22%3E%3C%2Fsvg%3E\" loading=\"eager\"><\/span><span class=\"fg-image-overlay\"><\/span><\/a><figcaption class=\"fg-caption\"><div class=\"fg-caption-inner\"><div class=\"fg-caption-title\">Skorstensfundament<\/div><\/div><\/figcaption><\/figure><div class=\"fg-loader\"><\/div><\/div><div class=\"fg-item fg-type-image fg-idle\"><figure class=\"fg-item-inner\"><a href=\"https:\/\/www.vokv.dk\/wp-content\/uploads\/2020\/02\/Solfelt5-7.jpg\" data-caption-title=\"Akkumuleringstank.\" data-attachment-id=\"2655\" data-type=\"image\" class=\"fg-thumb\"><span class=\"fg-image-wrap\"><img decoding=\"async\" title=\"Akkumuleringstank.\" width=\"640\" height=\"360\" class=\"skip-lazy fg-image\" data-src-fg=\"https:\/\/www.vokv.dk\/wp-content\/uploads\/cache\/2020\/02\/Solfelt5-7\/3729103172.jpg\" src=\"data:image\/svg+xml,%3Csvg%20xmlns%3D%22http%3A%2F%2Fwww.w3.org%2F2000%2Fsvg%22%20width%3D%22640%22%20height%3D%22360%22%20viewBox%3D%220%200%20640%20360%22%3E%3C%2Fsvg%3E\" loading=\"eager\"><\/span><span class=\"fg-image-overlay\"><\/span><\/a><figcaption class=\"fg-caption\"><div class=\"fg-caption-inner\"><div class=\"fg-caption-title\">Akkumuleringstank.<\/div><\/div><\/figcaption><\/figure><div class=\"fg-loader\"><\/div><\/div><div class=\"fg-item fg-type-image fg-idle\"><figure class=\"fg-item-inner\"><a href=\"https:\/\/www.vokv.dk\/wp-content\/uploads\/2020\/02\/Solfelt5-5.jpg\" data-caption-title=\"Et kig ind i tanken. 14-02-2020\" data-attachment-id=\"2653\" data-type=\"image\" class=\"fg-thumb\"><span class=\"fg-image-wrap\"><img decoding=\"async\" title=\"Et kig ind i tanken. 14-02-2020\" width=\"640\" height=\"360\" class=\"skip-lazy fg-image\" data-src-fg=\"https:\/\/www.vokv.dk\/wp-content\/uploads\/cache\/2020\/02\/Solfelt5-5\/355556904.jpg\" src=\"data:image\/svg+xml,%3Csvg%20xmlns%3D%22http%3A%2F%2Fwww.w3.org%2F2000%2Fsvg%22%20width%3D%22640%22%20height%3D%22360%22%20viewBox%3D%220%200%20640%20360%22%3E%3C%2Fsvg%3E\" loading=\"eager\"><\/span><span class=\"fg-image-overlay\"><\/span><\/a><figcaption class=\"fg-caption\"><div class=\"fg-caption-inner\"><div class=\"fg-caption-title\">Et kig ind i tanken. 14-02-2020<\/div><\/div><\/figcaption><\/figure><div class=\"fg-loader\"><\/div><\/div><div class=\"fg-item fg-type-image fg-idle\"><figure class=\"fg-item-inner\"><a href=\"https:\/\/www.vokv.dk\/wp-content\/uploads\/2020\/02\/HMN_1-scaled.jpg\" data-caption-title=\"Gasledning graves ned 18-02-2020\" data-attachment-id=\"2663\" data-type=\"image\" class=\"fg-thumb\"><span class=\"fg-image-wrap\"><img decoding=\"async\" title=\"Gasledning graves ned 18-02-2020\" width=\"640\" height=\"360\" class=\"skip-lazy fg-image\" data-src-fg=\"https:\/\/www.vokv.dk\/wp-content\/uploads\/cache\/2020\/02\/HMN_1-scaled\/1960824743.jpg\" src=\"data:image\/svg+xml,%3Csvg%20xmlns%3D%22http%3A%2F%2Fwww.w3.org%2F2000%2Fsvg%22%20width%3D%22640%22%20height%3D%22360%22%20viewBox%3D%220%200%20640%20360%22%3E%3C%2Fsvg%3E\" loading=\"eager\"><\/span><span class=\"fg-image-overlay\"><\/span><\/a><figcaption class=\"fg-caption\"><div class=\"fg-caption-inner\"><div class=\"fg-caption-title\">Gasledning graves ned 18-02-2020<\/div><\/div><\/figcaption><\/figure><div class=\"fg-loader\"><\/div><\/div><div class=\"fg-item fg-type-image fg-idle\"><figure class=\"fg-item-inner\"><a href=\"https:\/\/www.vokv.dk\/wp-content\/uploads\/2020\/02\/Solfelt6-4.jpg\" data-caption-title=\"Halvdelen af taget er lagt.\" data-attachment-id=\"2674\" data-type=\"image\" class=\"fg-thumb\"><span class=\"fg-image-wrap\"><img decoding=\"async\" title=\"Halvdelen af taget er lagt.\" width=\"640\" height=\"360\" class=\"skip-lazy fg-image\" data-src-fg=\"https:\/\/www.vokv.dk\/wp-content\/uploads\/cache\/2020\/02\/Solfelt6-4\/4209366098.jpg\" src=\"data:image\/svg+xml,%3Csvg%20xmlns%3D%22http%3A%2F%2Fwww.w3.org%2F2000%2Fsvg%22%20width%3D%22640%22%20height%3D%22360%22%20viewBox%3D%220%200%20640%20360%22%3E%3C%2Fsvg%3E\" loading=\"eager\"><\/span><span class=\"fg-image-overlay\"><\/span><\/a><figcaption class=\"fg-caption\"><div class=\"fg-caption-inner\"><div class=\"fg-caption-title\">Halvdelen af taget er lagt.<\/div><\/div><\/figcaption><\/figure><div class=\"fg-loader\"><\/div><\/div><div class=\"fg-item fg-type-image fg-idle\"><figure class=\"fg-item-inner\"><a href=\"https:\/\/www.vokv.dk\/wp-content\/uploads\/2020\/02\/Solfelt6-1.jpg\" data-caption-title=\"Teknikbygning, halvdelen af taget er lagt 23-02-2020\" data-attachment-id=\"2671\" data-type=\"image\" class=\"fg-thumb\"><span class=\"fg-image-wrap\"><img decoding=\"async\" title=\"Teknikbygning, halvdelen af taget er lagt 23-02-2020\" width=\"640\" height=\"360\" class=\"skip-lazy fg-image\" data-src-fg=\"https:\/\/www.vokv.dk\/wp-content\/uploads\/cache\/2020\/02\/Solfelt6-1\/2453960975.jpg\" src=\"data:image\/svg+xml,%3Csvg%20xmlns%3D%22http%3A%2F%2Fwww.w3.org%2F2000%2Fsvg%22%20width%3D%22640%22%20height%3D%22360%22%20viewBox%3D%220%200%20640%20360%22%3E%3C%2Fsvg%3E\" loading=\"eager\"><\/span><span class=\"fg-image-overlay\"><\/span><\/a><figcaption class=\"fg-caption\"><div class=\"fg-caption-inner\"><div class=\"fg-caption-title\">Teknikbygning, halvdelen af taget er lagt 23-02-2020<\/div><\/div><\/figcaption><\/figure><div class=\"fg-loader\"><\/div><\/div><div class=\"fg-item fg-type-image fg-idle\"><figure class=\"fg-item-inner\"><a href=\"https:\/\/www.vokv.dk\/wp-content\/uploads\/2020\/02\/Solfelt6-3.jpg\" data-caption-title=\"Skorstenen monteret 23-02-2020\" data-attachment-id=\"2673\" data-type=\"image\" class=\"fg-thumb\"><span class=\"fg-image-wrap\"><img decoding=\"async\" title=\"Skorstenen monteret 23-02-2020\" width=\"640\" height=\"360\" class=\"skip-lazy fg-image\" data-src-fg=\"https:\/\/www.vokv.dk\/wp-content\/uploads\/cache\/2020\/02\/Solfelt6-3\/2829991549.jpg\" src=\"data:image\/svg+xml,%3Csvg%20xmlns%3D%22http%3A%2F%2Fwww.w3.org%2F2000%2Fsvg%22%20width%3D%22640%22%20height%3D%22360%22%20viewBox%3D%220%200%20640%20360%22%3E%3C%2Fsvg%3E\" loading=\"eager\"><\/span><span class=\"fg-image-overlay\"><\/span><\/a><figcaption class=\"fg-caption\"><div class=\"fg-caption-inner\"><div class=\"fg-caption-title\">Skorstenen monteret 23-02-2020<\/div><\/div><\/figcaption><\/figure><div class=\"fg-loader\"><\/div><\/div><div class=\"fg-item fg-type-image fg-idle\"><figure class=\"fg-item-inner\"><a href=\"https:\/\/www.vokv.dk\/wp-content\/uploads\/2020\/02\/Solfelt6-2.jpg\" data-caption-title=\"Akkumuleringstanken er vokset\" data-attachment-id=\"2672\" data-type=\"image\" class=\"fg-thumb\"><span class=\"fg-image-wrap\"><img decoding=\"async\" title=\"Akkumuleringstanken er vokset\" width=\"640\" height=\"360\" class=\"skip-lazy fg-image\" data-src-fg=\"https:\/\/www.vokv.dk\/wp-content\/uploads\/cache\/2020\/02\/Solfelt6-2\/3051036100.jpg\" src=\"data:image\/svg+xml,%3Csvg%20xmlns%3D%22http%3A%2F%2Fwww.w3.org%2F2000%2Fsvg%22%20width%3D%22640%22%20height%3D%22360%22%20viewBox%3D%220%200%20640%20360%22%3E%3C%2Fsvg%3E\" loading=\"eager\"><\/span><span class=\"fg-image-overlay\"><\/span><\/a><figcaption class=\"fg-caption\"><div class=\"fg-caption-inner\"><div class=\"fg-caption-title\">Akkumuleringstanken er vokset<\/div><\/div><\/figcaption><\/figure><div class=\"fg-loader\"><\/div><\/div><div class=\"fg-item fg-type-image fg-idle\"><figure class=\"fg-item-inner\"><a href=\"https:\/\/www.vokv.dk\/wp-content\/uploads\/2020\/02\/Solfelt7-3.jpg\" data-caption-title=\"Teknikbygning klat til tagbekl\u00e6dning. 28-02-2020\" data-attachment-id=\"2754\" data-type=\"image\" class=\"fg-thumb\"><span class=\"fg-image-wrap\"><img decoding=\"async\" title=\"Teknikbygning klat til tagbekl\u00e6dning. 28-02-2020\" width=\"640\" height=\"360\" class=\"skip-lazy fg-image\" data-src-fg=\"https:\/\/www.vokv.dk\/wp-content\/uploads\/cache\/2020\/02\/Solfelt7-3\/4152850028.jpg\" src=\"data:image\/svg+xml,%3Csvg%20xmlns%3D%22http%3A%2F%2Fwww.w3.org%2F2000%2Fsvg%22%20width%3D%22640%22%20height%3D%22360%22%20viewBox%3D%220%200%20640%20360%22%3E%3C%2Fsvg%3E\" loading=\"eager\"><\/span><span class=\"fg-image-overlay\"><\/span><\/a><figcaption class=\"fg-caption\"><div class=\"fg-caption-inner\"><div class=\"fg-caption-title\">Teknikbygning klat til tagbekl\u00e6dning. 28-02-2020<\/div><\/div><\/figcaption><\/figure><div class=\"fg-loader\"><\/div><\/div><div class=\"fg-item fg-type-image fg-idle\"><figure class=\"fg-item-inner\"><a href=\"https:\/\/www.vokv.dk\/wp-content\/uploads\/2020\/02\/Solfelt7-1.jpg\" data-caption-title=\"Teknikbygning set indefra 28-02-2020\" data-attachment-id=\"2752\" data-type=\"image\" class=\"fg-thumb\"><span class=\"fg-image-wrap\"><img decoding=\"async\" title=\"Teknikbygning set indefra 28-02-2020\" width=\"640\" height=\"360\" class=\"skip-lazy fg-image\" data-src-fg=\"https:\/\/www.vokv.dk\/wp-content\/uploads\/cache\/2020\/02\/Solfelt7-1\/1022603520.jpg\" src=\"data:image\/svg+xml,%3Csvg%20xmlns%3D%22http%3A%2F%2Fwww.w3.org%2F2000%2Fsvg%22%20width%3D%22640%22%20height%3D%22360%22%20viewBox%3D%220%200%20640%20360%22%3E%3C%2Fsvg%3E\" loading=\"eager\"><\/span><span class=\"fg-image-overlay\"><\/span><\/a><figcaption class=\"fg-caption\"><div class=\"fg-caption-inner\"><div class=\"fg-caption-title\">Teknikbygning set indefra 28-02-2020<\/div><\/div><\/figcaption><\/figure><div class=\"fg-loader\"><\/div><\/div><div class=\"fg-item fg-type-image fg-idle\"><figure class=\"fg-item-inner\"><a href=\"https:\/\/www.vokv.dk\/wp-content\/uploads\/2020\/02\/Solfelt7-2.jpg\" data-caption-title=\"Akkumuleringstanken er igen vokset.\" data-attachment-id=\"2753\" data-type=\"image\" class=\"fg-thumb\"><span class=\"fg-image-wrap\"><img decoding=\"async\" title=\"Akkumuleringstanken er igen vokset.\" width=\"640\" height=\"360\" class=\"skip-lazy fg-image\" data-src-fg=\"https:\/\/www.vokv.dk\/wp-content\/uploads\/cache\/2020\/02\/Solfelt7-2\/1671665092.jpg\" src=\"data:image\/svg+xml,%3Csvg%20xmlns%3D%22http%3A%2F%2Fwww.w3.org%2F2000%2Fsvg%22%20width%3D%22640%22%20height%3D%22360%22%20viewBox%3D%220%200%20640%20360%22%3E%3C%2Fsvg%3E\" loading=\"eager\"><\/span><span class=\"fg-image-overlay\"><\/span><\/a><figcaption class=\"fg-caption\"><div class=\"fg-caption-inner\"><div class=\"fg-caption-title\">Akkumuleringstanken er igen vokset.<\/div><\/div><\/figcaption><\/figure><div class=\"fg-loader\"><\/div><\/div><div class=\"fg-item fg-type-image fg-idle\"><figure class=\"fg-item-inner\"><a href=\"https:\/\/www.vokv.dk\/wp-content\/uploads\/2020\/03\/Solfelt8-2.jpg\" data-attachment-id=\"2759\" data-type=\"image\" class=\"fg-thumb\"><span class=\"fg-image-wrap\"><img decoding=\"async\" width=\"640\" height=\"360\" class=\"skip-lazy fg-image\" data-src-fg=\"https:\/\/www.vokv.dk\/wp-content\/uploads\/cache\/2020\/03\/Solfelt8-2\/97060963.jpg\" src=\"data:image\/svg+xml,%3Csvg%20xmlns%3D%22http%3A%2F%2Fwww.w3.org%2F2000%2Fsvg%22%20width%3D%22640%22%20height%3D%22360%22%20viewBox%3D%220%200%20640%20360%22%3E%3C%2Fsvg%3E\" loading=\"eager\"><\/span><span class=\"fg-image-overlay\"><\/span><\/a><\/figure><div class=\"fg-loader\"><\/div><\/div><div class=\"fg-item fg-type-image fg-idle\"><figure class=\"fg-item-inner\"><a href=\"https:\/\/www.vokv.dk\/wp-content\/uploads\/2020\/03\/Solfelt8-4.jpg\" data-caption-title=\"Teknikbygning 07-03-2020\" data-attachment-id=\"2757\" data-type=\"image\" class=\"fg-thumb\"><span class=\"fg-image-wrap\"><img decoding=\"async\" title=\"Teknikbygning 07-03-2020\" width=\"640\" height=\"360\" class=\"skip-lazy fg-image\" data-src-fg=\"https:\/\/www.vokv.dk\/wp-content\/uploads\/cache\/2020\/03\/Solfelt8-4\/1924908936.jpg\" src=\"data:image\/svg+xml,%3Csvg%20xmlns%3D%22http%3A%2F%2Fwww.w3.org%2F2000%2Fsvg%22%20width%3D%22640%22%20height%3D%22360%22%20viewBox%3D%220%200%20640%20360%22%3E%3C%2Fsvg%3E\" loading=\"eager\"><\/span><span class=\"fg-image-overlay\"><\/span><\/a><figcaption class=\"fg-caption\"><div class=\"fg-caption-inner\"><div class=\"fg-caption-title\">Teknikbygning 07-03-2020<\/div><\/div><\/figcaption><\/figure><div class=\"fg-loader\"><\/div><\/div><div class=\"fg-item fg-type-image fg-idle\"><figure class=\"fg-item-inner\"><a href=\"https:\/\/www.vokv.dk\/wp-content\/uploads\/2020\/03\/Solfelt8-3.jpg\" data-caption-title=\"Teknikbygning indefra 07-03-2020\" data-attachment-id=\"2756\" data-type=\"image\" class=\"fg-thumb\"><span class=\"fg-image-wrap\"><img decoding=\"async\" title=\"Teknikbygning indefra 07-03-2020\" width=\"640\" height=\"360\" class=\"skip-lazy fg-image\" data-src-fg=\"https:\/\/www.vokv.dk\/wp-content\/uploads\/cache\/2020\/03\/Solfelt8-3\/2845961654.jpg\" src=\"data:image\/svg+xml,%3Csvg%20xmlns%3D%22http%3A%2F%2Fwww.w3.org%2F2000%2Fsvg%22%20width%3D%22640%22%20height%3D%22360%22%20viewBox%3D%220%200%20640%20360%22%3E%3C%2Fsvg%3E\" loading=\"eager\"><\/span><span class=\"fg-image-overlay\"><\/span><\/a><figcaption class=\"fg-caption\"><div class=\"fg-caption-inner\"><div class=\"fg-caption-title\">Teknikbygning indefra 07-03-2020<\/div><\/div><\/figcaption><\/figure><div class=\"fg-loader\"><\/div><\/div><div class=\"fg-item fg-type-image fg-idle\"><figure class=\"fg-item-inner\"><a href=\"https:\/\/www.vokv.dk\/wp-content\/uploads\/2020\/03\/Solfelt9-4.jpg\" data-caption-title=\"Teknikbygning lukket for uvedkommende. 14-03-2020\" data-attachment-id=\"2762\" data-type=\"image\" class=\"fg-thumb\"><span class=\"fg-image-wrap\"><img decoding=\"async\" title=\"Teknikbygning lukket for uvedkommende. 14-03-2020\" width=\"640\" height=\"360\" class=\"skip-lazy fg-image\" data-src-fg=\"https:\/\/www.vokv.dk\/wp-content\/uploads\/cache\/2020\/03\/Solfelt9-4\/2284107542.jpg\" src=\"data:image\/svg+xml,%3Csvg%20xmlns%3D%22http%3A%2F%2Fwww.w3.org%2F2000%2Fsvg%22%20width%3D%22640%22%20height%3D%22360%22%20viewBox%3D%220%200%20640%20360%22%3E%3C%2Fsvg%3E\" loading=\"eager\"><\/span><span class=\"fg-image-overlay\"><\/span><\/a><figcaption class=\"fg-caption\"><div class=\"fg-caption-inner\"><div class=\"fg-caption-title\">Teknikbygning lukket for uvedkommende. 14-03-2020<\/div><\/div><\/figcaption><\/figure><div class=\"fg-loader\"><\/div><\/div><div class=\"fg-item fg-type-image fg-idle\"><figure class=\"fg-item-inner\"><a href=\"https:\/\/www.vokv.dk\/wp-content\/uploads\/2020\/03\/Solfelt9-1.jpg\" data-caption-title=\"Der er lukket af for uvedkommende.\" data-attachment-id=\"2763\" data-type=\"image\" class=\"fg-thumb\"><span class=\"fg-image-wrap\"><img decoding=\"async\" title=\"Der er lukket af for uvedkommende.\" width=\"640\" height=\"360\" class=\"skip-lazy fg-image\" data-src-fg=\"https:\/\/www.vokv.dk\/wp-content\/uploads\/cache\/2020\/03\/Solfelt9-1\/287021653.jpg\" src=\"data:image\/svg+xml,%3Csvg%20xmlns%3D%22http%3A%2F%2Fwww.w3.org%2F2000%2Fsvg%22%20width%3D%22640%22%20height%3D%22360%22%20viewBox%3D%220%200%20640%20360%22%3E%3C%2Fsvg%3E\" loading=\"eager\"><\/span><span class=\"fg-image-overlay\"><\/span><\/a><figcaption class=\"fg-caption\"><div class=\"fg-caption-inner\"><div class=\"fg-caption-title\">Der er lukket af for uvedkommende.<\/div><\/div><\/figcaption><\/figure><div class=\"fg-loader\"><\/div><\/div><div class=\"fg-item fg-type-image fg-idle\"><figure class=\"fg-item-inner\"><a href=\"https:\/\/www.vokv.dk\/wp-content\/uploads\/2020\/03\/Solfelt9-2.jpg\" data-caption-title=\"14-03-2020\" data-attachment-id=\"2760\" data-type=\"image\" class=\"fg-thumb\"><span class=\"fg-image-wrap\"><img decoding=\"async\" title=\"14-03-2020\" width=\"640\" height=\"360\" class=\"skip-lazy fg-image\" data-src-fg=\"https:\/\/www.vokv.dk\/wp-content\/uploads\/cache\/2020\/03\/Solfelt9-2\/914685598.jpg\" src=\"data:image\/svg+xml,%3Csvg%20xmlns%3D%22http%3A%2F%2Fwww.w3.org%2F2000%2Fsvg%22%20width%3D%22640%22%20height%3D%22360%22%20viewBox%3D%220%200%20640%20360%22%3E%3C%2Fsvg%3E\" loading=\"eager\"><\/span><span class=\"fg-image-overlay\"><\/span><\/a><figcaption class=\"fg-caption\"><div class=\"fg-caption-inner\"><div class=\"fg-caption-title\">14-03-2020<\/div><\/div><\/figcaption><\/figure><div class=\"fg-loader\"><\/div><\/div><div class=\"fg-item fg-type-image fg-idle\"><figure class=\"fg-item-inner\"><a href=\"https:\/\/www.vokv.dk\/wp-content\/uploads\/2020\/03\/Solfelt9-3.jpg\" data-caption-title=\"Nu mangler der kun 6 meter. 14-03-2020\" data-attachment-id=\"2761\" data-type=\"image\" class=\"fg-thumb\"><span class=\"fg-image-wrap\"><img decoding=\"async\" title=\"Nu mangler der kun 6 meter. 14-03-2020\" width=\"640\" height=\"360\" class=\"skip-lazy fg-image\" data-src-fg=\"https:\/\/www.vokv.dk\/wp-content\/uploads\/cache\/2020\/03\/Solfelt9-3\/737271079.jpg\" src=\"data:image\/svg+xml,%3Csvg%20xmlns%3D%22http%3A%2F%2Fwww.w3.org%2F2000%2Fsvg%22%20width%3D%22640%22%20height%3D%22360%22%20viewBox%3D%220%200%20640%20360%22%3E%3C%2Fsvg%3E\" loading=\"eager\"><\/span><span class=\"fg-image-overlay\"><\/span><\/a><figcaption class=\"fg-caption\"><div class=\"fg-caption-inner\"><div class=\"fg-caption-title\">Nu mangler der kun 6 meter. 14-03-2020<\/div><\/div><\/figcaption><\/figure><div class=\"fg-loader\"><\/div><\/div><div class=\"fg-item fg-type-image fg-idle\"><figure class=\"fg-item-inner\"><a href=\"https:\/\/www.vokv.dk\/wp-content\/uploads\/2020\/03\/Solfelt10-1.jpg\" data-caption-title=\"Kontordelen p\u00e5begyndt. 21-03-2020\" data-attachment-id=\"2765\" data-type=\"image\" class=\"fg-thumb\"><span class=\"fg-image-wrap\"><img decoding=\"async\" title=\"Kontordelen p\u00e5begyndt. 21-03-2020\" width=\"640\" height=\"360\" class=\"skip-lazy fg-image\" data-src-fg=\"https:\/\/www.vokv.dk\/wp-content\/uploads\/cache\/2020\/03\/Solfelt10-1\/611904344.jpg\" src=\"data:image\/svg+xml,%3Csvg%20xmlns%3D%22http%3A%2F%2Fwww.w3.org%2F2000%2Fsvg%22%20width%3D%22640%22%20height%3D%22360%22%20viewBox%3D%220%200%20640%20360%22%3E%3C%2Fsvg%3E\" loading=\"eager\"><\/span><span class=\"fg-image-overlay\"><\/span><\/a><figcaption class=\"fg-caption\"><div class=\"fg-caption-inner\"><div class=\"fg-caption-title\">Kontordelen p\u00e5begyndt. 21-03-2020<\/div><\/div><\/figcaption><\/figure><div class=\"fg-loader\"><\/div><\/div><div class=\"fg-item fg-type-image fg-idle\"><figure class=\"fg-item-inner\"><a href=\"https:\/\/www.vokv.dk\/wp-content\/uploads\/2020\/03\/Solfelt10-4.jpg\" data-caption-title=\"Nu mangler der kun 2 m. 21-03-2020\" data-attachment-id=\"2767\" data-type=\"image\" class=\"fg-thumb\"><span class=\"fg-image-wrap\"><img decoding=\"async\" title=\"Nu mangler der kun 2 m. 21-03-2020\" width=\"640\" height=\"360\" class=\"skip-lazy fg-image\" data-src-fg=\"https:\/\/www.vokv.dk\/wp-content\/uploads\/cache\/2020\/03\/Solfelt10-4\/4234098669.jpg\" src=\"data:image\/svg+xml,%3Csvg%20xmlns%3D%22http%3A%2F%2Fwww.w3.org%2F2000%2Fsvg%22%20width%3D%22640%22%20height%3D%22360%22%20viewBox%3D%220%200%20640%20360%22%3E%3C%2Fsvg%3E\" loading=\"eager\"><\/span><span class=\"fg-image-overlay\"><\/span><\/a><figcaption class=\"fg-caption\"><div class=\"fg-caption-inner\"><div class=\"fg-caption-title\">Nu mangler der kun 2 m. 21-03-2020<\/div><\/div><\/figcaption><\/figure><div class=\"fg-loader\"><\/div><\/div><div class=\"fg-item fg-type-image fg-idle\"><figure class=\"fg-item-inner\"><a href=\"https:\/\/www.vokv.dk\/wp-content\/uploads\/2020\/03\/Solfelt10-2.jpg\" data-caption-title=\"21-03-2020\" data-attachment-id=\"2766\" data-type=\"image\" class=\"fg-thumb\"><span class=\"fg-image-wrap\"><img decoding=\"async\" title=\"21-03-2020\" width=\"640\" height=\"360\" class=\"skip-lazy fg-image\" data-src-fg=\"https:\/\/www.vokv.dk\/wp-content\/uploads\/cache\/2020\/03\/Solfelt10-2\/2682999842.jpg\" src=\"data:image\/svg+xml,%3Csvg%20xmlns%3D%22http%3A%2F%2Fwww.w3.org%2F2000%2Fsvg%22%20width%3D%22640%22%20height%3D%22360%22%20viewBox%3D%220%200%20640%20360%22%3E%3C%2Fsvg%3E\" loading=\"eager\"><\/span><span class=\"fg-image-overlay\"><\/span><\/a><figcaption class=\"fg-caption\"><div class=\"fg-caption-inner\"><div class=\"fg-caption-title\">21-03-2020<\/div><\/div><\/figcaption><\/figure><div class=\"fg-loader\"><\/div><\/div><div class=\"fg-item fg-type-image fg-idle\"><figure class=\"fg-item-inner\"><a href=\"https:\/\/www.vokv.dk\/wp-content\/uploads\/2020\/03\/Solfelt12-6.jpg\" data-caption-title=\"Et kig ud over byggepladsen med en transformator i forgrunden. 29-03-2020\" data-attachment-id=\"2774\" data-type=\"image\" class=\"fg-thumb\"><span class=\"fg-image-wrap\"><img decoding=\"async\" title=\"Et kig ud over byggepladsen med en transformator i forgrunden. 29-03-2020\" width=\"640\" height=\"360\" class=\"skip-lazy fg-image\" data-src-fg=\"https:\/\/www.vokv.dk\/wp-content\/uploads\/cache\/2020\/03\/Solfelt12-6\/4147202812.jpg\" src=\"data:image\/svg+xml,%3Csvg%20xmlns%3D%22http%3A%2F%2Fwww.w3.org%2F2000%2Fsvg%22%20width%3D%22640%22%20height%3D%22360%22%20viewBox%3D%220%200%20640%20360%22%3E%3C%2Fsvg%3E\" loading=\"eager\"><\/span><span class=\"fg-image-overlay\"><\/span><\/a><figcaption class=\"fg-caption\"><div class=\"fg-caption-inner\"><div class=\"fg-caption-title\">Et kig ud over byggepladsen med en transformator i forgrunden. 29-03-2020<\/div><\/div><\/figcaption><\/figure><div class=\"fg-loader\"><\/div><\/div><div class=\"fg-item fg-type-image fg-idle\"><figure class=\"fg-item-inner\"><a href=\"https:\/\/www.vokv.dk\/wp-content\/uploads\/2020\/03\/Solfelt12-5.jpg\" data-caption-title=\"Her tilsluttes solfeltet til hovedledningen. 29-03-2020\" data-attachment-id=\"2773\" data-type=\"image\" class=\"fg-thumb\"><span class=\"fg-image-wrap\"><img decoding=\"async\" title=\"Her tilsluttes solfeltet til hovedledningen. 29-03-2020\" width=\"640\" height=\"360\" class=\"skip-lazy fg-image\" data-src-fg=\"https:\/\/www.vokv.dk\/wp-content\/uploads\/cache\/2020\/03\/Solfelt12-5\/3059504741.jpg\" src=\"data:image\/svg+xml,%3Csvg%20xmlns%3D%22http%3A%2F%2Fwww.w3.org%2F2000%2Fsvg%22%20width%3D%22640%22%20height%3D%22360%22%20viewBox%3D%220%200%20640%20360%22%3E%3C%2Fsvg%3E\" loading=\"eager\"><\/span><span class=\"fg-image-overlay\"><\/span><\/a><figcaption class=\"fg-caption\"><div class=\"fg-caption-inner\"><div class=\"fg-caption-title\">Her tilsluttes solfeltet til hovedledningen. 29-03-2020<\/div><\/div><\/figcaption><\/figure><div class=\"fg-loader\"><\/div><\/div><div class=\"fg-item fg-type-image fg-idle\"><figure class=\"fg-item-inner\"><a href=\"https:\/\/www.vokv.dk\/wp-content\/uploads\/2020\/03\/Solfelt12-4.jpg\" data-caption-title=\"Facaden klar til udvendig bekl\u00e6dning 29-03-2020\" data-attachment-id=\"2772\" data-type=\"image\" class=\"fg-thumb\"><span class=\"fg-image-wrap\"><img decoding=\"async\" title=\"Facaden klar til udvendig bekl\u00e6dning 29-03-2020\" width=\"640\" height=\"360\" class=\"skip-lazy fg-image\" data-src-fg=\"https:\/\/www.vokv.dk\/wp-content\/uploads\/cache\/2020\/03\/Solfelt12-4\/3744283827.jpg\" src=\"data:image\/svg+xml,%3Csvg%20xmlns%3D%22http%3A%2F%2Fwww.w3.org%2F2000%2Fsvg%22%20width%3D%22640%22%20height%3D%22360%22%20viewBox%3D%220%200%20640%20360%22%3E%3C%2Fsvg%3E\" loading=\"eager\"><\/span><span class=\"fg-image-overlay\"><\/span><\/a><figcaption class=\"fg-caption\"><div class=\"fg-caption-inner\"><div class=\"fg-caption-title\">Facaden klar til udvendig bekl\u00e6dning 29-03-2020<\/div><\/div><\/figcaption><\/figure><div class=\"fg-loader\"><\/div><\/div><div class=\"fg-item fg-type-image fg-idle\"><figure class=\"fg-item-inner\"><a href=\"https:\/\/www.vokv.dk\/wp-content\/uploads\/2020\/03\/Solfelt12-3.jpg\" data-caption-title=\"Facadebekl\u00e6dning p\u00e5begyndt og akkutanken er i fuld h\u00f8jde. 29-03-2020\" data-attachment-id=\"2771\" data-type=\"image\" class=\"fg-thumb\"><span class=\"fg-image-wrap\"><img decoding=\"async\" title=\"Facadebekl\u00e6dning p\u00e5begyndt og akkutanken er i fuld h\u00f8jde. 29-03-2020\" width=\"640\" height=\"360\" class=\"skip-lazy fg-image\" data-src-fg=\"https:\/\/www.vokv.dk\/wp-content\/uploads\/cache\/2020\/03\/Solfelt12-3\/3774123315.jpg\" src=\"data:image\/svg+xml,%3Csvg%20xmlns%3D%22http%3A%2F%2Fwww.w3.org%2F2000%2Fsvg%22%20width%3D%22640%22%20height%3D%22360%22%20viewBox%3D%220%200%20640%20360%22%3E%3C%2Fsvg%3E\" loading=\"eager\"><\/span><span class=\"fg-image-overlay\"><\/span><\/a><figcaption class=\"fg-caption\"><div class=\"fg-caption-inner\"><div class=\"fg-caption-title\">Facadebekl\u00e6dning p\u00e5begyndt og akkutanken er i fuld h\u00f8jde. 29-03-2020<\/div><\/div><\/figcaption><\/figure><div class=\"fg-loader\"><\/div><\/div><div class=\"fg-item fg-type-image fg-idle\"><figure class=\"fg-item-inner\"><a href=\"https:\/\/www.vokv.dk\/wp-content\/uploads\/2020\/03\/Solfelt12-2.jpg\" data-caption-title=\"Akkumuleringstank er nu i fuld h\u00f8jde. 29-03-2020\" data-attachment-id=\"2770\" data-type=\"image\" class=\"fg-thumb\"><span class=\"fg-image-wrap\"><img decoding=\"async\" title=\"Akkumuleringstank er nu i fuld h\u00f8jde. 29-03-2020\" width=\"640\" height=\"360\" class=\"skip-lazy fg-image\" data-src-fg=\"https:\/\/www.vokv.dk\/wp-content\/uploads\/cache\/2020\/03\/Solfelt12-2\/2307254245.jpg\" src=\"data:image\/svg+xml,%3Csvg%20xmlns%3D%22http%3A%2F%2Fwww.w3.org%2F2000%2Fsvg%22%20width%3D%22640%22%20height%3D%22360%22%20viewBox%3D%220%200%20640%20360%22%3E%3C%2Fsvg%3E\" loading=\"eager\"><\/span><span class=\"fg-image-overlay\"><\/span><\/a><figcaption class=\"fg-caption\"><div class=\"fg-caption-inner\"><div class=\"fg-caption-title\">Akkumuleringstank er nu i fuld h\u00f8jde. 29-03-2020<\/div><\/div><\/figcaption><\/figure><div class=\"fg-loader\"><\/div><\/div><div class=\"fg-item fg-type-image fg-idle\"><figure class=\"fg-item-inner\"><a href=\"https:\/\/www.vokv.dk\/wp-content\/uploads\/2020\/03\/Solfelt12-1.jpg\" data-caption-title=\"Opmuring af facade 29-03-2020\" data-attachment-id=\"2769\" data-type=\"image\" class=\"fg-thumb\"><span class=\"fg-image-wrap\"><img decoding=\"async\" title=\"Opmuring af facade 29-03-2020\" width=\"640\" height=\"360\" class=\"skip-lazy fg-image\" data-src-fg=\"https:\/\/www.vokv.dk\/wp-content\/uploads\/cache\/2020\/03\/Solfelt12-1\/4110407937.jpg\" src=\"data:image\/svg+xml,%3Csvg%20xmlns%3D%22http%3A%2F%2Fwww.w3.org%2F2000%2Fsvg%22%20width%3D%22640%22%20height%3D%22360%22%20viewBox%3D%220%200%20640%20360%22%3E%3C%2Fsvg%3E\" loading=\"eager\"><\/span><span class=\"fg-image-overlay\"><\/span><\/a><figcaption class=\"fg-caption\"><div class=\"fg-caption-inner\"><div class=\"fg-caption-title\">Opmuring af facade 29-03-2020<\/div><\/div><\/figcaption><\/figure><div class=\"fg-loader\"><\/div><\/div><div class=\"fg-item fg-type-image fg-idle\"><figure class=\"fg-item-inner\"><a href=\"https:\/\/www.vokv.dk\/wp-content\/uploads\/2020\/04\/Solfelt13-4.jpg\" data-caption-title=\"De f\u00f8rste ben til solpaneler. 04-04-2020\" data-attachment-id=\"2781\" data-type=\"image\" class=\"fg-thumb\"><span class=\"fg-image-wrap\"><img decoding=\"async\" title=\"De f\u00f8rste ben til solpaneler. 04-04-2020\" width=\"640\" height=\"360\" class=\"skip-lazy fg-image\" data-src-fg=\"https:\/\/www.vokv.dk\/wp-content\/uploads\/cache\/2020\/04\/Solfelt13-4\/660253052.jpg\" src=\"data:image\/svg+xml,%3Csvg%20xmlns%3D%22http%3A%2F%2Fwww.w3.org%2F2000%2Fsvg%22%20width%3D%22640%22%20height%3D%22360%22%20viewBox%3D%220%200%20640%20360%22%3E%3C%2Fsvg%3E\" loading=\"eager\"><\/span><span class=\"fg-image-overlay\"><\/span><\/a><figcaption class=\"fg-caption\"><div class=\"fg-caption-inner\"><div class=\"fg-caption-title\">De f\u00f8rste ben til solpaneler. 04-04-2020<\/div><\/div><\/figcaption><\/figure><div class=\"fg-loader\"><\/div><\/div><div class=\"fg-item fg-type-image fg-idle\"><figure class=\"fg-item-inner\"><a href=\"https:\/\/www.vokv.dk\/wp-content\/uploads\/2020\/04\/Solfelt13-3.jpg\" data-caption-title=\"Ben til solpaneler. 04-04-2020\" data-attachment-id=\"2780\" data-type=\"image\" class=\"fg-thumb\"><span class=\"fg-image-wrap\"><img decoding=\"async\" title=\"Ben til solpaneler. 04-04-2020\" width=\"640\" height=\"360\" class=\"skip-lazy fg-image\" data-src-fg=\"https:\/\/www.vokv.dk\/wp-content\/uploads\/cache\/2020\/04\/Solfelt13-3\/2286209581.jpg\" src=\"data:image\/svg+xml,%3Csvg%20xmlns%3D%22http%3A%2F%2Fwww.w3.org%2F2000%2Fsvg%22%20width%3D%22640%22%20height%3D%22360%22%20viewBox%3D%220%200%20640%20360%22%3E%3C%2Fsvg%3E\" loading=\"eager\"><\/span><span class=\"fg-image-overlay\"><\/span><\/a><figcaption class=\"fg-caption\"><div class=\"fg-caption-inner\"><div class=\"fg-caption-title\">Ben til solpaneler. 04-04-2020<\/div><\/div><\/figcaption><\/figure><div class=\"fg-loader\"><\/div><\/div><div class=\"fg-item fg-type-image fg-idle\"><figure class=\"fg-item-inner\"><a href=\"https:\/\/www.vokv.dk\/wp-content\/uploads\/2020\/04\/Solfelt13-2.jpg\" data-caption-title=\"Bekl\u00e6dning af teknikbygning n\u00e6sten f\u00e6rdig. 04-04-2020\" data-attachment-id=\"2785\" data-type=\"image\" class=\"fg-thumb\"><span class=\"fg-image-wrap\"><img decoding=\"async\" title=\"Bekl\u00e6dning af teknikbygning n\u00e6sten f\u00e6rdig. 04-04-2020\" width=\"640\" height=\"360\" class=\"skip-lazy fg-image\" data-src-fg=\"https:\/\/www.vokv.dk\/wp-content\/uploads\/cache\/2020\/04\/Solfelt13-2\/466289432.jpg\" src=\"data:image\/svg+xml,%3Csvg%20xmlns%3D%22http%3A%2F%2Fwww.w3.org%2F2000%2Fsvg%22%20width%3D%22640%22%20height%3D%22360%22%20viewBox%3D%220%200%20640%20360%22%3E%3C%2Fsvg%3E\" loading=\"eager\"><\/span><span class=\"fg-image-overlay\"><\/span><\/a><figcaption class=\"fg-caption\"><div class=\"fg-caption-inner\"><div class=\"fg-caption-title\">Bekl\u00e6dning af teknikbygning n\u00e6sten f\u00e6rdig. 04-04-2020<\/div><\/div><\/figcaption><\/figure><div class=\"fg-loader\"><\/div><\/div><div class=\"fg-item fg-type-image fg-idle\"><figure class=\"fg-item-inner\"><a href=\"https:\/\/www.vokv.dk\/wp-content\/uploads\/2020\/04\/Solfelt13-5.jpg\" data-caption-title=\"Der g\u00f8res klar til sidste svejsninger inder yderbekl\u00e6dning. 04-04-2020\" data-attachment-id=\"2782\" data-type=\"image\" class=\"fg-thumb\"><span class=\"fg-image-wrap\"><img decoding=\"async\" title=\"Der g\u00f8res klar til sidste svejsninger inder yderbekl\u00e6dning. 04-04-2020\" width=\"640\" height=\"360\" class=\"skip-lazy fg-image\" data-src-fg=\"https:\/\/www.vokv.dk\/wp-content\/uploads\/cache\/2020\/04\/Solfelt13-5\/3740012923.jpg\" src=\"data:image\/svg+xml,%3Csvg%20xmlns%3D%22http%3A%2F%2Fwww.w3.org%2F2000%2Fsvg%22%20width%3D%22640%22%20height%3D%22360%22%20viewBox%3D%220%200%20640%20360%22%3E%3C%2Fsvg%3E\" loading=\"eager\"><\/span><span class=\"fg-image-overlay\"><\/span><\/a><figcaption class=\"fg-caption\"><div class=\"fg-caption-inner\"><div class=\"fg-caption-title\">Der g\u00f8res klar til sidste svejsninger inder yderbekl\u00e6dning. 04-04-2020<\/div><\/div><\/figcaption><\/figure><div class=\"fg-loader\"><\/div><\/div><div class=\"fg-item fg-type-image fg-idle\"><figure class=\"fg-item-inner\"><a href=\"https:\/\/www.vokv.dk\/wp-content\/uploads\/2020\/04\/Solfelt14-6.jpg\" data-caption-title=\"11-04-2020\" data-attachment-id=\"2794\" data-type=\"image\" class=\"fg-thumb\"><span class=\"fg-image-wrap\"><img decoding=\"async\" title=\"11-04-2020\" width=\"640\" height=\"360\" class=\"skip-lazy fg-image\" data-src-fg=\"https:\/\/www.vokv.dk\/wp-content\/uploads\/cache\/2020\/04\/Solfelt14-6\/2686742043.jpg\" src=\"data:image\/svg+xml,%3Csvg%20xmlns%3D%22http%3A%2F%2Fwww.w3.org%2F2000%2Fsvg%22%20width%3D%22640%22%20height%3D%22360%22%20viewBox%3D%220%200%20640%20360%22%3E%3C%2Fsvg%3E\" loading=\"eager\"><\/span><span class=\"fg-image-overlay\"><\/span><\/a><figcaption class=\"fg-caption\"><div class=\"fg-caption-inner\"><div class=\"fg-caption-title\">11-04-2020<\/div><\/div><\/figcaption><\/figure><div class=\"fg-loader\"><\/div><\/div><div class=\"fg-item fg-type-image fg-idle\"><figure class=\"fg-item-inner\"><a href=\"https:\/\/www.vokv.dk\/wp-content\/uploads\/2020\/04\/Solfelt14-8.jpg\" data-caption-title=\"11-04-2020\" data-attachment-id=\"2796\" data-type=\"image\" class=\"fg-thumb\"><span class=\"fg-image-wrap\"><img decoding=\"async\" title=\"11-04-2020\" width=\"640\" height=\"360\" class=\"skip-lazy fg-image\" data-src-fg=\"https:\/\/www.vokv.dk\/wp-content\/uploads\/cache\/2020\/04\/Solfelt14-8\/627683064.jpg\" src=\"data:image\/svg+xml,%3Csvg%20xmlns%3D%22http%3A%2F%2Fwww.w3.org%2F2000%2Fsvg%22%20width%3D%22640%22%20height%3D%22360%22%20viewBox%3D%220%200%20640%20360%22%3E%3C%2Fsvg%3E\" loading=\"eager\"><\/span><span class=\"fg-image-overlay\"><\/span><\/a><figcaption class=\"fg-caption\"><div class=\"fg-caption-inner\"><div class=\"fg-caption-title\">11-04-2020<\/div><\/div><\/figcaption><\/figure><div class=\"fg-loader\"><\/div><\/div><div class=\"fg-item fg-type-image fg-idle\"><figure class=\"fg-item-inner\"><a href=\"https:\/\/www.vokv.dk\/wp-content\/uploads\/2020\/04\/Solfelt14-1.jpg\" data-caption-title=\"Glykoltank. 11-04-2020\" data-attachment-id=\"2797\" data-type=\"image\" class=\"fg-thumb\"><span class=\"fg-image-wrap\"><img decoding=\"async\" title=\"Glykoltank. 11-04-2020\" width=\"640\" height=\"360\" class=\"skip-lazy fg-image\" data-src-fg=\"https:\/\/www.vokv.dk\/wp-content\/uploads\/cache\/2020\/04\/Solfelt14-1\/2684215195.jpg\" src=\"data:image\/svg+xml,%3Csvg%20xmlns%3D%22http%3A%2F%2Fwww.w3.org%2F2000%2Fsvg%22%20width%3D%22640%22%20height%3D%22360%22%20viewBox%3D%220%200%20640%20360%22%3E%3C%2Fsvg%3E\" loading=\"eager\"><\/span><span class=\"fg-image-overlay\"><\/span><\/a><figcaption class=\"fg-caption\"><div class=\"fg-caption-inner\"><div class=\"fg-caption-title\">Glykoltank. 11-04-2020<\/div><\/div><\/figcaption><\/figure><div class=\"fg-loader\"><\/div><\/div><div class=\"fg-item fg-type-image fg-idle\"><figure class=\"fg-item-inner\"><a href=\"https:\/\/www.vokv.dk\/wp-content\/uploads\/2020\/04\/Solfelt14-3.jpg\" data-caption-title=\"Akkumuleringstanken er blevet tilsluttet teknikbygningen. 11-04-2020\" data-attachment-id=\"2799\" data-type=\"image\" class=\"fg-thumb\"><span class=\"fg-image-wrap\"><img decoding=\"async\" title=\"Akkumuleringstanken er blevet tilsluttet teknikbygningen. 11-04-2020\" width=\"640\" height=\"360\" class=\"skip-lazy fg-image\" data-src-fg=\"https:\/\/www.vokv.dk\/wp-content\/uploads\/cache\/2020\/04\/Solfelt14-3\/2574116947.jpg\" src=\"data:image\/svg+xml,%3Csvg%20xmlns%3D%22http%3A%2F%2Fwww.w3.org%2F2000%2Fsvg%22%20width%3D%22640%22%20height%3D%22360%22%20viewBox%3D%220%200%20640%20360%22%3E%3C%2Fsvg%3E\" loading=\"eager\"><\/span><span class=\"fg-image-overlay\"><\/span><\/a><figcaption class=\"fg-caption\"><div class=\"fg-caption-inner\"><div class=\"fg-caption-title\">Akkumuleringstanken er blevet tilsluttet teknikbygningen. 11-04-2020<\/div><\/div><\/figcaption><\/figure><div class=\"fg-loader\"><\/div><\/div><div class=\"fg-item fg-type-image fg-idle\"><figure class=\"fg-item-inner\"><a href=\"https:\/\/www.vokv.dk\/wp-content\/uploads\/2020\/04\/Solfelt14-4.jpg\" data-caption-title=\"De sidste svejsninger inden yderbekl\u00e6dning. 11-04-2020\" data-attachment-id=\"2792\" data-type=\"image\" class=\"fg-thumb\"><span class=\"fg-image-wrap\"><img decoding=\"async\" title=\"De sidste svejsninger inden yderbekl\u00e6dning. 11-04-2020\" width=\"640\" height=\"360\" class=\"skip-lazy fg-image\" data-src-fg=\"https:\/\/www.vokv.dk\/wp-content\/uploads\/cache\/2020\/04\/Solfelt14-4\/2285377620.jpg\" src=\"data:image\/svg+xml,%3Csvg%20xmlns%3D%22http%3A%2F%2Fwww.w3.org%2F2000%2Fsvg%22%20width%3D%22640%22%20height%3D%22360%22%20viewBox%3D%220%200%20640%20360%22%3E%3C%2Fsvg%3E\" loading=\"eager\"><\/span><span class=\"fg-image-overlay\"><\/span><\/a><figcaption class=\"fg-caption\"><div class=\"fg-caption-inner\"><div class=\"fg-caption-title\">De sidste svejsninger inden yderbekl\u00e6dning. 11-04-2020<\/div><\/div><\/figcaption><\/figure><div class=\"fg-loader\"><\/div><\/div><div class=\"fg-item fg-type-image fg-idle\"><figure class=\"fg-item-inner\"><a href=\"https:\/\/www.vokv.dk\/wp-content\/uploads\/2020\/04\/Solfelt14-2.jpg\" data-caption-title=\"Alle ben til solpaneler er i jorden. 11-04-2020\" data-attachment-id=\"2798\" data-type=\"image\" class=\"fg-thumb\"><span class=\"fg-image-wrap\"><img decoding=\"async\" title=\"Alle ben til solpaneler er i jorden. 11-04-2020\" width=\"640\" height=\"360\" class=\"skip-lazy fg-image\" data-src-fg=\"https:\/\/www.vokv.dk\/wp-content\/uploads\/cache\/2020\/04\/Solfelt14-2\/4028400261.jpg\" src=\"data:image\/svg+xml,%3Csvg%20xmlns%3D%22http%3A%2F%2Fwww.w3.org%2F2000%2Fsvg%22%20width%3D%22640%22%20height%3D%22360%22%20viewBox%3D%220%200%20640%20360%22%3E%3C%2Fsvg%3E\" loading=\"eager\"><\/span><span class=\"fg-image-overlay\"><\/span><\/a><figcaption class=\"fg-caption\"><div class=\"fg-caption-inner\"><div class=\"fg-caption-title\">Alle ben til solpaneler er i jorden. 11-04-2020<\/div><\/div><\/figcaption><\/figure><div class=\"fg-loader\"><\/div><\/div><div class=\"fg-item fg-type-image fg-idle\"><figure class=\"fg-item-inner\"><a href=\"https:\/\/www.vokv.dk\/wp-content\/uploads\/2020\/06\/HJ-solpaneler-1.jpg\" data-caption-title=\"Solpanelerne kranes p\u00e5 plads. 18-04-2020\" data-attachment-id=\"2929\" data-type=\"image\" class=\"fg-thumb\"><span class=\"fg-image-wrap\"><img decoding=\"async\" title=\"Solpanelerne kranes p\u00e5 plads. 18-04-2020\" width=\"640\" height=\"360\" class=\"skip-lazy fg-image\" data-src-fg=\"https:\/\/www.vokv.dk\/wp-content\/uploads\/cache\/2020\/06\/HJ-solpaneler-1\/4060024049.jpg\" src=\"data:image\/svg+xml,%3Csvg%20xmlns%3D%22http%3A%2F%2Fwww.w3.org%2F2000%2Fsvg%22%20width%3D%22640%22%20height%3D%22360%22%20viewBox%3D%220%200%20640%20360%22%3E%3C%2Fsvg%3E\" loading=\"eager\"><\/span><span class=\"fg-image-overlay\"><\/span><\/a><figcaption class=\"fg-caption\"><div class=\"fg-caption-inner\"><div class=\"fg-caption-title\">Solpanelerne kranes p\u00e5 plads. 18-04-2020<\/div><\/div><\/figcaption><\/figure><div class=\"fg-loader\"><\/div><\/div><div class=\"fg-item fg-type-image fg-idle\"><figure class=\"fg-item-inner\"><a href=\"https:\/\/www.vokv.dk\/wp-content\/uploads\/2020\/04\/Solfelt15-14.jpg\" data-caption-title=\"S\u00e5 er de startet p\u00e5 solpanelerne. 18-04-2020\" data-attachment-id=\"2866\" data-type=\"image\" class=\"fg-thumb\"><span class=\"fg-image-wrap\"><img decoding=\"async\" title=\"S\u00e5 er de startet p\u00e5 solpanelerne. 18-04-2020\" width=\"640\" height=\"360\" class=\"skip-lazy fg-image\" data-src-fg=\"https:\/\/www.vokv.dk\/wp-content\/uploads\/cache\/2020\/04\/Solfelt15-14\/3848091275.jpg\" src=\"data:image\/svg+xml,%3Csvg%20xmlns%3D%22http%3A%2F%2Fwww.w3.org%2F2000%2Fsvg%22%20width%3D%22640%22%20height%3D%22360%22%20viewBox%3D%220%200%20640%20360%22%3E%3C%2Fsvg%3E\" loading=\"eager\"><\/span><span class=\"fg-image-overlay\"><\/span><\/a><figcaption class=\"fg-caption\"><div class=\"fg-caption-inner\"><div class=\"fg-caption-title\">S\u00e5 er de startet p\u00e5 solpanelerne. 18-04-2020<\/div><\/div><\/figcaption><\/figure><div class=\"fg-loader\"><\/div><\/div><div class=\"fg-item fg-type-image fg-idle\"><figure class=\"fg-item-inner\"><a href=\"https:\/\/www.vokv.dk\/wp-content\/uploads\/2020\/04\/Solfelt15-9.jpg\" data-caption-title=\"Solpaneler. 18-04-2020\" data-attachment-id=\"2861\" data-type=\"image\" class=\"fg-thumb\"><span class=\"fg-image-wrap\"><img decoding=\"async\" title=\"Solpaneler. 18-04-2020\" width=\"640\" height=\"360\" class=\"skip-lazy fg-image\" data-src-fg=\"https:\/\/www.vokv.dk\/wp-content\/uploads\/cache\/2020\/04\/Solfelt15-9\/547551405.jpg\" src=\"data:image\/svg+xml,%3Csvg%20xmlns%3D%22http%3A%2F%2Fwww.w3.org%2F2000%2Fsvg%22%20width%3D%22640%22%20height%3D%22360%22%20viewBox%3D%220%200%20640%20360%22%3E%3C%2Fsvg%3E\" loading=\"eager\"><\/span><span class=\"fg-image-overlay\"><\/span><\/a><figcaption class=\"fg-caption\"><div class=\"fg-caption-inner\"><div class=\"fg-caption-title\">Solpaneler. 18-04-2020<\/div><\/div><\/figcaption><\/figure><div class=\"fg-loader\"><\/div><\/div><div class=\"fg-item fg-type-image fg-idle\"><figure class=\"fg-item-inner\"><a href=\"https:\/\/www.vokv.dk\/wp-content\/uploads\/2020\/04\/Solfelt15-17.jpg\" data-caption-title=\"S\u00e5 er de startet p\u00e5 solpanelerne. 18-04-2020\" data-attachment-id=\"2869\" data-type=\"image\" class=\"fg-thumb\"><span class=\"fg-image-wrap\"><img decoding=\"async\" title=\"S\u00e5 er de startet p\u00e5 solpanelerne. 18-04-2020\" width=\"640\" height=\"360\" class=\"skip-lazy fg-image\" data-src-fg=\"https:\/\/www.vokv.dk\/wp-content\/uploads\/cache\/2020\/04\/Solfelt15-17\/2822754707.jpg\" src=\"data:image\/svg+xml,%3Csvg%20xmlns%3D%22http%3A%2F%2Fwww.w3.org%2F2000%2Fsvg%22%20width%3D%22640%22%20height%3D%22360%22%20viewBox%3D%220%200%20640%20360%22%3E%3C%2Fsvg%3E\" loading=\"eager\"><\/span><span class=\"fg-image-overlay\"><\/span><\/a><figcaption class=\"fg-caption\"><div class=\"fg-caption-inner\"><div class=\"fg-caption-title\">S\u00e5 er de startet p\u00e5 solpanelerne. 18-04-2020<\/div><\/div><\/figcaption><\/figure><div class=\"fg-loader\"><\/div><\/div><div class=\"fg-item fg-type-image fg-idle\"><figure class=\"fg-item-inner\"><a href=\"https:\/\/www.vokv.dk\/wp-content\/uploads\/2020\/04\/Solfelt15-16.jpg\" data-caption-title=\"Solpaneler. 18-04-2020\" data-attachment-id=\"2868\" data-type=\"image\" class=\"fg-thumb\"><span class=\"fg-image-wrap\"><img decoding=\"async\" title=\"Solpaneler. 18-04-2020\" width=\"640\" height=\"360\" class=\"skip-lazy fg-image\" data-src-fg=\"https:\/\/www.vokv.dk\/wp-content\/uploads\/cache\/2020\/04\/Solfelt15-16\/473416645.jpg\" src=\"data:image\/svg+xml,%3Csvg%20xmlns%3D%22http%3A%2F%2Fwww.w3.org%2F2000%2Fsvg%22%20width%3D%22640%22%20height%3D%22360%22%20viewBox%3D%220%200%20640%20360%22%3E%3C%2Fsvg%3E\" loading=\"eager\"><\/span><span class=\"fg-image-overlay\"><\/span><\/a><figcaption class=\"fg-caption\"><div class=\"fg-caption-inner\"><div class=\"fg-caption-title\">Solpaneler. 18-04-2020<\/div><\/div><\/figcaption><\/figure><div class=\"fg-loader\"><\/div><\/div><div class=\"fg-item fg-type-image fg-idle\"><figure class=\"fg-item-inner\"><a href=\"https:\/\/www.vokv.dk\/wp-content\/uploads\/2020\/04\/Solfelt15-13.jpg\" data-caption-title=\"18-04-2020\" data-attachment-id=\"2865\" data-type=\"image\" class=\"fg-thumb\"><span class=\"fg-image-wrap\"><img decoding=\"async\" title=\"18-04-2020\" width=\"640\" height=\"360\" class=\"skip-lazy fg-image\" data-src-fg=\"https:\/\/www.vokv.dk\/wp-content\/uploads\/cache\/2020\/04\/Solfelt15-13\/1719535818.jpg\" src=\"data:image\/svg+xml,%3Csvg%20xmlns%3D%22http%3A%2F%2Fwww.w3.org%2F2000%2Fsvg%22%20width%3D%22640%22%20height%3D%22360%22%20viewBox%3D%220%200%20640%20360%22%3E%3C%2Fsvg%3E\" loading=\"eager\"><\/span><span class=\"fg-image-overlay\"><\/span><\/a><figcaption class=\"fg-caption\"><div class=\"fg-caption-inner\"><div class=\"fg-caption-title\">18-04-2020<\/div><\/div><\/figcaption><\/figure><div class=\"fg-loader\"><\/div><\/div><div class=\"fg-item fg-type-image fg-idle\"><figure class=\"fg-item-inner\"><a href=\"https:\/\/www.vokv.dk\/wp-content\/uploads\/2020\/04\/Solfelt15-12.jpg\" data-caption-title=\"Transformator. 18-04-2020\" data-attachment-id=\"2864\" data-type=\"image\" class=\"fg-thumb\"><span class=\"fg-image-wrap\"><img decoding=\"async\" title=\"Transformator. 18-04-2020\" width=\"640\" height=\"360\" class=\"skip-lazy fg-image\" data-src-fg=\"https:\/\/www.vokv.dk\/wp-content\/uploads\/cache\/2020\/04\/Solfelt15-12\/3530955420.jpg\" src=\"data:image\/svg+xml,%3Csvg%20xmlns%3D%22http%3A%2F%2Fwww.w3.org%2F2000%2Fsvg%22%20width%3D%22640%22%20height%3D%22360%22%20viewBox%3D%220%200%20640%20360%22%3E%3C%2Fsvg%3E\" loading=\"eager\"><\/span><span class=\"fg-image-overlay\"><\/span><\/a><figcaption class=\"fg-caption\"><div class=\"fg-caption-inner\"><div class=\"fg-caption-title\">Transformator. 18-04-2020<\/div><\/div><\/figcaption><\/figure><div class=\"fg-loader\"><\/div><\/div><div class=\"fg-item fg-type-image fg-idle\"><figure class=\"fg-item-inner\"><a href=\"https:\/\/www.vokv.dk\/wp-content\/uploads\/2020\/04\/Solfelt15-11.jpg\" data-caption-title=\"Tanken isoleres. 18-04-2020\" data-attachment-id=\"2863\" data-type=\"image\" class=\"fg-thumb\"><span class=\"fg-image-wrap\"><img decoding=\"async\" title=\"Tanken isoleres. 18-04-2020\" width=\"640\" height=\"360\" class=\"skip-lazy fg-image\" data-src-fg=\"https:\/\/www.vokv.dk\/wp-content\/uploads\/cache\/2020\/04\/Solfelt15-11\/3974522694.jpg\" src=\"data:image\/svg+xml,%3Csvg%20xmlns%3D%22http%3A%2F%2Fwww.w3.org%2F2000%2Fsvg%22%20width%3D%22640%22%20height%3D%22360%22%20viewBox%3D%220%200%20640%20360%22%3E%3C%2Fsvg%3E\" loading=\"eager\"><\/span><span class=\"fg-image-overlay\"><\/span><\/a><figcaption class=\"fg-caption\"><div class=\"fg-caption-inner\"><div class=\"fg-caption-title\">Tanken isoleres. 18-04-2020<\/div><\/div><\/figcaption><\/figure><div class=\"fg-loader\"><\/div><\/div><div class=\"fg-item fg-type-image fg-idle\"><figure class=\"fg-item-inner\"><a href=\"https:\/\/www.vokv.dk\/wp-content\/uploads\/2020\/04\/Solfelt15-10.jpg\" data-caption-title=\"18-04-2020\" data-attachment-id=\"2862\" data-type=\"image\" class=\"fg-thumb\"><span class=\"fg-image-wrap\"><img decoding=\"async\" title=\"18-04-2020\" width=\"640\" height=\"360\" class=\"skip-lazy fg-image\" data-src-fg=\"https:\/\/www.vokv.dk\/wp-content\/uploads\/cache\/2020\/04\/Solfelt15-10\/1492022544.jpg\" src=\"data:image\/svg+xml,%3Csvg%20xmlns%3D%22http%3A%2F%2Fwww.w3.org%2F2000%2Fsvg%22%20width%3D%22640%22%20height%3D%22360%22%20viewBox%3D%220%200%20640%20360%22%3E%3C%2Fsvg%3E\" loading=\"eager\"><\/span><span class=\"fg-image-overlay\"><\/span><\/a><figcaption class=\"fg-caption\"><div class=\"fg-caption-inner\"><div class=\"fg-caption-title\">18-04-2020<\/div><\/div><\/figcaption><\/figure><div class=\"fg-loader\"><\/div><\/div><div class=\"fg-item fg-type-image fg-idle\"><figure class=\"fg-item-inner\"><a href=\"https:\/\/www.vokv.dk\/wp-content\/uploads\/2020\/04\/Solfelt16-1.jpg\" data-caption-title=\"Administrations- og teknikbygning n\u00e6sten f\u00e6rdig udvendig. 26-04-2020\" data-attachment-id=\"2886\" data-type=\"image\" class=\"fg-thumb\"><span class=\"fg-image-wrap\"><img decoding=\"async\" title=\"Administrations- og teknikbygning n\u00e6sten f\u00e6rdig udvendig. 26-04-2020\" width=\"640\" height=\"360\" class=\"skip-lazy fg-image\" data-src-fg=\"https:\/\/www.vokv.dk\/wp-content\/uploads\/cache\/2020\/04\/Solfelt16-1\/1826468178.jpg\" src=\"data:image\/svg+xml,%3Csvg%20xmlns%3D%22http%3A%2F%2Fwww.w3.org%2F2000%2Fsvg%22%20width%3D%22640%22%20height%3D%22360%22%20viewBox%3D%220%200%20640%20360%22%3E%3C%2Fsvg%3E\" loading=\"eager\"><\/span><span class=\"fg-image-overlay\"><\/span><\/a><figcaption class=\"fg-caption\"><div class=\"fg-caption-inner\"><div class=\"fg-caption-title\">Administrations- og teknikbygning n\u00e6sten f\u00e6rdig udvendig. 26-04-2020<\/div><\/div><\/figcaption><\/figure><div class=\"fg-loader\"><\/div><\/div><div class=\"fg-item fg-type-image fg-idle\"><figure class=\"fg-item-inner\"><a href=\"https:\/\/www.vokv.dk\/wp-content\/uploads\/2020\/04\/Solfelt16-7.jpg\" data-caption-title=\"Skorstenen er tilsluttet.\" data-attachment-id=\"2885\" data-type=\"image\" class=\"fg-thumb\"><span class=\"fg-image-wrap\"><img decoding=\"async\" title=\"Skorstenen er tilsluttet.\" width=\"640\" height=\"360\" class=\"skip-lazy fg-image\" data-src-fg=\"https:\/\/www.vokv.dk\/wp-content\/uploads\/cache\/2020\/04\/Solfelt16-7\/2678980684.jpg\" src=\"data:image\/svg+xml,%3Csvg%20xmlns%3D%22http%3A%2F%2Fwww.w3.org%2F2000%2Fsvg%22%20width%3D%22640%22%20height%3D%22360%22%20viewBox%3D%220%200%20640%20360%22%3E%3C%2Fsvg%3E\" loading=\"eager\"><\/span><span class=\"fg-image-overlay\"><\/span><\/a><figcaption class=\"fg-caption\"><div class=\"fg-caption-inner\"><div class=\"fg-caption-title\">Skorstenen er tilsluttet.<\/div><\/div><\/figcaption><\/figure><div class=\"fg-loader\"><\/div><\/div><div class=\"fg-item fg-type-image fg-idle\"><figure class=\"fg-item-inner\"><a href=\"https:\/\/www.vokv.dk\/wp-content\/uploads\/2020\/04\/Solfelt16-3.jpg\" data-caption-title=\"Alle solpaneler er nu sat op men ikke tilsluttet. 26-04-2020\" data-attachment-id=\"2888\" data-type=\"image\" class=\"fg-thumb\"><span class=\"fg-image-wrap\"><img decoding=\"async\" title=\"Alle solpaneler er nu sat op men ikke tilsluttet. 26-04-2020\" width=\"640\" height=\"360\" class=\"skip-lazy fg-image\" data-src-fg=\"https:\/\/www.vokv.dk\/wp-content\/uploads\/cache\/2020\/04\/Solfelt16-3\/1783465626.jpg\" src=\"data:image\/svg+xml,%3Csvg%20xmlns%3D%22http%3A%2F%2Fwww.w3.org%2F2000%2Fsvg%22%20width%3D%22640%22%20height%3D%22360%22%20viewBox%3D%220%200%20640%20360%22%3E%3C%2Fsvg%3E\" loading=\"eager\"><\/span><span class=\"fg-image-overlay\"><\/span><\/a><figcaption class=\"fg-caption\"><div class=\"fg-caption-inner\"><div class=\"fg-caption-title\">Alle solpaneler er nu sat op men ikke tilsluttet. 26-04-2020<\/div><\/div><\/figcaption><\/figure><div class=\"fg-loader\"><\/div><\/div><div class=\"fg-item fg-type-image fg-idle\"><figure class=\"fg-item-inner\"><a href=\"https:\/\/www.vokv.dk\/wp-content\/uploads\/2020\/04\/Solfelt16-2.jpg\" data-caption-title=\"26-04-2020\" data-attachment-id=\"2887\" data-type=\"image\" class=\"fg-thumb\"><span class=\"fg-image-wrap\"><img decoding=\"async\" title=\"26-04-2020\" width=\"640\" height=\"360\" class=\"skip-lazy fg-image\" data-src-fg=\"https:\/\/www.vokv.dk\/wp-content\/uploads\/cache\/2020\/04\/Solfelt16-2\/1200217337.jpg\" src=\"data:image\/svg+xml,%3Csvg%20xmlns%3D%22http%3A%2F%2Fwww.w3.org%2F2000%2Fsvg%22%20width%3D%22640%22%20height%3D%22360%22%20viewBox%3D%220%200%20640%20360%22%3E%3C%2Fsvg%3E\" loading=\"eager\"><\/span><span class=\"fg-image-overlay\"><\/span><\/a><figcaption class=\"fg-caption\"><div class=\"fg-caption-inner\"><div class=\"fg-caption-title\">26-04-2020<\/div><\/div><\/figcaption><\/figure><div class=\"fg-loader\"><\/div><\/div><div class=\"fg-item fg-type-image fg-idle\"><figure class=\"fg-item-inner\"><a href=\"https:\/\/www.vokv.dk\/wp-content\/uploads\/2020\/04\/Solfelt16-5.jpg\" data-caption-title=\"Solpaneler overd\u00e6kket. 26-04-2020\" data-attachment-id=\"2883\" data-type=\"image\" class=\"fg-thumb\"><span class=\"fg-image-wrap\"><img decoding=\"async\" title=\"Solpaneler overd\u00e6kket. 26-04-2020\" width=\"640\" height=\"360\" class=\"skip-lazy fg-image\" data-src-fg=\"https:\/\/www.vokv.dk\/wp-content\/uploads\/cache\/2020\/04\/Solfelt16-5\/3081926147.jpg\" src=\"data:image\/svg+xml,%3Csvg%20xmlns%3D%22http%3A%2F%2Fwww.w3.org%2F2000%2Fsvg%22%20width%3D%22640%22%20height%3D%22360%22%20viewBox%3D%220%200%20640%20360%22%3E%3C%2Fsvg%3E\" loading=\"eager\"><\/span><span class=\"fg-image-overlay\"><\/span><\/a><figcaption class=\"fg-caption\"><div class=\"fg-caption-inner\"><div class=\"fg-caption-title\">Solpaneler overd\u00e6kket. 26-04-2020<\/div><\/div><\/figcaption><\/figure><div class=\"fg-loader\"><\/div><\/div><div class=\"fg-item fg-type-image fg-idle\"><figure class=\"fg-item-inner\"><a href=\"https:\/\/www.vokv.dk\/wp-content\/uploads\/2020\/05\/Solfelt17-6.jpg\" data-caption-title=\"Det ser mere og mere f\u00e6rdigt ud. 02-05-2020\" data-attachment-id=\"2894\" data-type=\"image\" class=\"fg-thumb\"><span class=\"fg-image-wrap\"><img decoding=\"async\" title=\"Det ser mere og mere f\u00e6rdigt ud. 02-05-2020\" width=\"640\" height=\"360\" class=\"skip-lazy fg-image\" data-src-fg=\"https:\/\/www.vokv.dk\/wp-content\/uploads\/cache\/2020\/05\/Solfelt17-6\/81274922.jpg\" src=\"data:image\/svg+xml,%3Csvg%20xmlns%3D%22http%3A%2F%2Fwww.w3.org%2F2000%2Fsvg%22%20width%3D%22640%22%20height%3D%22360%22%20viewBox%3D%220%200%20640%20360%22%3E%3C%2Fsvg%3E\" loading=\"eager\"><\/span><span class=\"fg-image-overlay\"><\/span><\/a><figcaption class=\"fg-caption\"><div class=\"fg-caption-inner\"><div class=\"fg-caption-title\">Det ser mere og mere f\u00e6rdigt ud. 02-05-2020<\/div><\/div><\/figcaption><\/figure><div class=\"fg-loader\"><\/div><\/div><div class=\"fg-item fg-type-image fg-idle\"><figure class=\"fg-item-inner\"><a href=\"https:\/\/www.vokv.dk\/wp-content\/uploads\/2020\/05\/Solfelt17-4.jpg\" data-caption-title=\"Der mangler stadigv\u00e6k lidt udvendig montage. 02-05-2020\" data-attachment-id=\"2892\" data-type=\"image\" class=\"fg-thumb\"><span class=\"fg-image-wrap\"><img decoding=\"async\" title=\"Der mangler stadigv\u00e6k lidt udvendig montage. 02-05-2020\" width=\"640\" height=\"360\" class=\"skip-lazy fg-image\" data-src-fg=\"https:\/\/www.vokv.dk\/wp-content\/uploads\/cache\/2020\/05\/Solfelt17-4\/751066725.jpg\" src=\"data:image\/svg+xml,%3Csvg%20xmlns%3D%22http%3A%2F%2Fwww.w3.org%2F2000%2Fsvg%22%20width%3D%22640%22%20height%3D%22360%22%20viewBox%3D%220%200%20640%20360%22%3E%3C%2Fsvg%3E\" loading=\"eager\"><\/span><span class=\"fg-image-overlay\"><\/span><\/a><figcaption class=\"fg-caption\"><div class=\"fg-caption-inner\"><div class=\"fg-caption-title\">Der mangler stadigv\u00e6k lidt udvendig montage. 02-05-2020<\/div><\/div><\/figcaption><\/figure><div class=\"fg-loader\"><\/div><\/div><div class=\"fg-item fg-type-image fg-idle\"><figure class=\"fg-item-inner\"><a href=\"https:\/\/www.vokv.dk\/wp-content\/uploads\/2020\/05\/Solfelt17-5.jpg\" data-caption-title=\"02-05-2020\" data-attachment-id=\"2893\" data-type=\"image\" class=\"fg-thumb\"><span class=\"fg-image-wrap\"><img decoding=\"async\" title=\"02-05-2020\" width=\"640\" height=\"360\" class=\"skip-lazy fg-image\" data-src-fg=\"https:\/\/www.vokv.dk\/wp-content\/uploads\/cache\/2020\/05\/Solfelt17-5\/1169503411.jpg\" src=\"data:image\/svg+xml,%3Csvg%20xmlns%3D%22http%3A%2F%2Fwww.w3.org%2F2000%2Fsvg%22%20width%3D%22640%22%20height%3D%22360%22%20viewBox%3D%220%200%20640%20360%22%3E%3C%2Fsvg%3E\" loading=\"eager\"><\/span><span class=\"fg-image-overlay\"><\/span><\/a><figcaption class=\"fg-caption\"><div class=\"fg-caption-inner\"><div class=\"fg-caption-title\">02-05-2020<\/div><\/div><\/figcaption><\/figure><div class=\"fg-loader\"><\/div><\/div><div class=\"fg-item fg-type-image fg-idle\"><figure class=\"fg-item-inner\"><a href=\"https:\/\/www.vokv.dk\/wp-content\/uploads\/2020\/05\/Solfelt17-2.jpg\" data-caption-title=\"Isolering og bekl\u00e6dning af tanken. 02-05-2020\" data-attachment-id=\"2890\" data-type=\"image\" class=\"fg-thumb\"><span class=\"fg-image-wrap\"><img decoding=\"async\" title=\"Isolering og bekl\u00e6dning af tanken. 02-05-2020\" width=\"640\" height=\"360\" class=\"skip-lazy fg-image\" data-src-fg=\"https:\/\/www.vokv.dk\/wp-content\/uploads\/cache\/2020\/05\/Solfelt17-2\/2053932339.jpg\" src=\"data:image\/svg+xml,%3Csvg%20xmlns%3D%22http%3A%2F%2Fwww.w3.org%2F2000%2Fsvg%22%20width%3D%22640%22%20height%3D%22360%22%20viewBox%3D%220%200%20640%20360%22%3E%3C%2Fsvg%3E\" loading=\"eager\"><\/span><span class=\"fg-image-overlay\"><\/span><\/a><figcaption class=\"fg-caption\"><div class=\"fg-caption-inner\"><div class=\"fg-caption-title\">Isolering og bekl\u00e6dning af tanken. 02-05-2020<\/div><\/div><\/figcaption><\/figure><div class=\"fg-loader\"><\/div><\/div><div class=\"fg-item fg-type-image fg-idle\"><figure class=\"fg-item-inner\"><a href=\"https:\/\/www.vokv.dk\/wp-content\/uploads\/2020\/05\/Solfelt17-3.jpg\" data-caption-title=\"F\u00e6rdigmonterede solpaneler. 02-05-2020\" data-attachment-id=\"2891\" data-type=\"image\" class=\"fg-thumb\"><span class=\"fg-image-wrap\"><img decoding=\"async\" title=\"F\u00e6rdigmonterede solpaneler. 02-05-2020\" width=\"640\" height=\"360\" class=\"skip-lazy fg-image\" data-src-fg=\"https:\/\/www.vokv.dk\/wp-content\/uploads\/cache\/2020\/05\/Solfelt17-3\/320729061.jpg\" src=\"data:image\/svg+xml,%3Csvg%20xmlns%3D%22http%3A%2F%2Fwww.w3.org%2F2000%2Fsvg%22%20width%3D%22640%22%20height%3D%22360%22%20viewBox%3D%220%200%20640%20360%22%3E%3C%2Fsvg%3E\" loading=\"eager\"><\/span><span class=\"fg-image-overlay\"><\/span><\/a><figcaption class=\"fg-caption\"><div class=\"fg-caption-inner\"><div class=\"fg-caption-title\">F\u00e6rdigmonterede solpaneler. 02-05-2020<\/div><\/div><\/figcaption><\/figure><div class=\"fg-loader\"><\/div><\/div><div class=\"fg-item fg-type-image fg-idle\"><figure class=\"fg-item-inner\"><a href=\"https:\/\/www.vokv.dk\/wp-content\/uploads\/2020\/05\/Solfelt18-2.jpg\" data-caption-title=\"F\u00e6rdigmonterede solpaneler. 08-05-2020\" data-attachment-id=\"2899\" data-type=\"image\" class=\"fg-thumb\"><span class=\"fg-image-wrap\"><img decoding=\"async\" title=\"F\u00e6rdigmonterede solpaneler. 08-05-2020\" width=\"640\" height=\"360\" class=\"skip-lazy fg-image\" data-src-fg=\"https:\/\/www.vokv.dk\/wp-content\/uploads\/cache\/2020\/05\/Solfelt18-2\/3208561.jpg\" src=\"data:image\/svg+xml,%3Csvg%20xmlns%3D%22http%3A%2F%2Fwww.w3.org%2F2000%2Fsvg%22%20width%3D%22640%22%20height%3D%22360%22%20viewBox%3D%220%200%20640%20360%22%3E%3C%2Fsvg%3E\" loading=\"eager\"><\/span><span class=\"fg-image-overlay\"><\/span><\/a><figcaption class=\"fg-caption\"><div class=\"fg-caption-inner\"><div class=\"fg-caption-title\">F\u00e6rdigmonterede solpaneler. 08-05-2020<\/div><\/div><\/figcaption><\/figure><div class=\"fg-loader\"><\/div><\/div><div class=\"fg-item fg-type-image fg-idle\"><figure class=\"fg-item-inner\"><a href=\"https:\/\/www.vokv.dk\/wp-content\/uploads\/2020\/05\/Solfelt18-4.jpg\" data-caption-title=\"Tag og tagrender mm. f\u00e6rdig. 08-05-2020\" data-attachment-id=\"2897\" data-type=\"image\" class=\"fg-thumb\"><span class=\"fg-image-wrap\"><img decoding=\"async\" title=\"Tag og tagrender mm. f\u00e6rdig. 08-05-2020\" width=\"640\" height=\"360\" class=\"skip-lazy fg-image\" data-src-fg=\"https:\/\/www.vokv.dk\/wp-content\/uploads\/cache\/2020\/05\/Solfelt18-4\/2196425795.jpg\" src=\"data:image\/svg+xml,%3Csvg%20xmlns%3D%22http%3A%2F%2Fwww.w3.org%2F2000%2Fsvg%22%20width%3D%22640%22%20height%3D%22360%22%20viewBox%3D%220%200%20640%20360%22%3E%3C%2Fsvg%3E\" loading=\"eager\"><\/span><span class=\"fg-image-overlay\"><\/span><\/a><figcaption class=\"fg-caption\"><div class=\"fg-caption-inner\"><div class=\"fg-caption-title\">Tag og tagrender mm. f\u00e6rdig. 08-05-2020<\/div><\/div><\/figcaption><\/figure><div class=\"fg-loader\"><\/div><\/div><div class=\"fg-item fg-type-image fg-idle\"><figure class=\"fg-item-inner\"><a href=\"https:\/\/www.vokv.dk\/wp-content\/uploads\/2020\/05\/Solfelt18-1.jpg\" data-caption-title=\"Nu fyldes der vand p\u00e5. 08-05-2020\" data-attachment-id=\"2898\" data-type=\"image\" class=\"fg-thumb\"><span class=\"fg-image-wrap\"><img decoding=\"async\" title=\"Nu fyldes der vand p\u00e5. 08-05-2020\" width=\"640\" height=\"360\" class=\"skip-lazy fg-image\" data-src-fg=\"https:\/\/www.vokv.dk\/wp-content\/uploads\/cache\/2020\/05\/Solfelt18-1\/728013018.jpg\" src=\"data:image\/svg+xml,%3Csvg%20xmlns%3D%22http%3A%2F%2Fwww.w3.org%2F2000%2Fsvg%22%20width%3D%22640%22%20height%3D%22360%22%20viewBox%3D%220%200%20640%20360%22%3E%3C%2Fsvg%3E\" loading=\"eager\"><\/span><span class=\"fg-image-overlay\"><\/span><\/a><figcaption class=\"fg-caption\"><div class=\"fg-caption-inner\"><div class=\"fg-caption-title\">Nu fyldes der vand p\u00e5. 08-05-2020<\/div><\/div><\/figcaption><\/figure><div class=\"fg-loader\"><\/div><\/div><div class=\"fg-item fg-type-image fg-idle\"><figure class=\"fg-item-inner\"><a href=\"https:\/\/www.vokv.dk\/wp-content\/uploads\/2020\/05\/Solfelt19-1.jpg\" data-caption-title=\"Administration og teknikbygning er n\u00e6sten f\u00e6rdig udvendig og meget langt indvendig. 16-05-2020\" data-attachment-id=\"2902\" data-type=\"image\" class=\"fg-thumb\"><span class=\"fg-image-wrap\"><img decoding=\"async\" title=\"Administration og teknikbygning er n\u00e6sten f\u00e6rdig udvendig og meget langt indvendig. 16-05-2020\" width=\"640\" height=\"360\" class=\"skip-lazy fg-image\" data-src-fg=\"https:\/\/www.vokv.dk\/wp-content\/uploads\/cache\/2020\/05\/Solfelt19-1\/3833200680.jpg\" src=\"data:image\/svg+xml,%3Csvg%20xmlns%3D%22http%3A%2F%2Fwww.w3.org%2F2000%2Fsvg%22%20width%3D%22640%22%20height%3D%22360%22%20viewBox%3D%220%200%20640%20360%22%3E%3C%2Fsvg%3E\" loading=\"eager\"><\/span><span class=\"fg-image-overlay\"><\/span><\/a><figcaption class=\"fg-caption\"><div class=\"fg-caption-inner\"><div class=\"fg-caption-title\">Administration og teknikbygning er n\u00e6sten f\u00e6rdig udvendig og meget langt indvendig. 16-05-2020<\/div><\/div><\/figcaption><\/figure><div class=\"fg-loader\"><\/div><\/div><div class=\"fg-item fg-type-image fg-idle\"><figure class=\"fg-item-inner\"><a href=\"https:\/\/www.vokv.dk\/wp-content\/uploads\/2020\/05\/Solfelt19-2.jpg\" data-caption-title=\"Arealet bliver snart ryddet for jorddynger. 16-05-2020\" data-attachment-id=\"2901\" data-type=\"image\" class=\"fg-thumb\"><span class=\"fg-image-wrap\"><img decoding=\"async\" title=\"Arealet bliver snart ryddet for jorddynger. 16-05-2020\" width=\"640\" height=\"360\" class=\"skip-lazy fg-image\" data-src-fg=\"https:\/\/www.vokv.dk\/wp-content\/uploads\/cache\/2020\/05\/Solfelt19-2\/1609154386.jpg\" src=\"data:image\/svg+xml,%3Csvg%20xmlns%3D%22http%3A%2F%2Fwww.w3.org%2F2000%2Fsvg%22%20width%3D%22640%22%20height%3D%22360%22%20viewBox%3D%220%200%20640%20360%22%3E%3C%2Fsvg%3E\" loading=\"eager\"><\/span><span class=\"fg-image-overlay\"><\/span><\/a><figcaption class=\"fg-caption\"><div class=\"fg-caption-inner\"><div class=\"fg-caption-title\">Arealet bliver snart ryddet for jorddynger. 16-05-2020<\/div><\/div><\/figcaption><\/figure><div class=\"fg-loader\"><\/div><\/div><div class=\"fg-item fg-type-image fg-idle\"><figure class=\"fg-item-inner\"><a href=\"https:\/\/www.vokv.dk\/wp-content\/uploads\/2020\/05\/Solfelt20-1.jpg\" data-caption-title=\"23-05-2020\" data-attachment-id=\"2909\" data-type=\"image\" class=\"fg-thumb\"><span class=\"fg-image-wrap\"><img decoding=\"async\" title=\"23-05-2020\" width=\"640\" height=\"360\" class=\"skip-lazy fg-image\" data-src-fg=\"https:\/\/www.vokv.dk\/wp-content\/uploads\/cache\/2020\/05\/Solfelt20-1\/2585638141.jpg\" src=\"data:image\/svg+xml,%3Csvg%20xmlns%3D%22http%3A%2F%2Fwww.w3.org%2F2000%2Fsvg%22%20width%3D%22640%22%20height%3D%22360%22%20viewBox%3D%220%200%20640%20360%22%3E%3C%2Fsvg%3E\" loading=\"eager\"><\/span><span class=\"fg-image-overlay\"><\/span><\/a><figcaption class=\"fg-caption\"><div class=\"fg-caption-inner\"><div class=\"fg-caption-title\">23-05-2020<\/div><\/div><\/figcaption><\/figure><div class=\"fg-loader\"><\/div><\/div><div class=\"fg-item fg-type-image fg-idle\"><figure class=\"fg-item-inner\"><a href=\"https:\/\/www.vokv.dk\/wp-content\/uploads\/2020\/05\/Solfelt20-5.jpg\" data-caption-title=\"Akkumuleringstank f\u00e6rdigisoleret. 23-05-2020\" data-attachment-id=\"2908\" data-type=\"image\" class=\"fg-thumb\"><span class=\"fg-image-wrap\"><img decoding=\"async\" title=\"Akkumuleringstank f\u00e6rdigisoleret. 23-05-2020\" width=\"640\" height=\"360\" class=\"skip-lazy fg-image\" data-src-fg=\"https:\/\/www.vokv.dk\/wp-content\/uploads\/cache\/2020\/05\/Solfelt20-5\/3146567759.jpg\" src=\"data:image\/svg+xml,%3Csvg%20xmlns%3D%22http%3A%2F%2Fwww.w3.org%2F2000%2Fsvg%22%20width%3D%22640%22%20height%3D%22360%22%20viewBox%3D%220%200%20640%20360%22%3E%3C%2Fsvg%3E\" loading=\"eager\"><\/span><span class=\"fg-image-overlay\"><\/span><\/a><figcaption class=\"fg-caption\"><div class=\"fg-caption-inner\"><div class=\"fg-caption-title\">Akkumuleringstank f\u00e6rdigisoleret. 23-05-2020<\/div><\/div><\/figcaption><\/figure><div class=\"fg-loader\"><\/div><\/div><div class=\"fg-item fg-type-image fg-idle\"><figure class=\"fg-item-inner\"><a href=\"https:\/\/www.vokv.dk\/wp-content\/uploads\/2020\/05\/Solfelt21.jpg\" data-caption-title=\"Kloakledning tr\u00e6kkes under Hammelvej til Gl. Landevej fra en dybde p\u00e5 4,5m. 26-05-2020\" data-attachment-id=\"2917\" data-type=\"image\" class=\"fg-thumb\"><span class=\"fg-image-wrap\"><img decoding=\"async\" title=\"Kloakledning tr\u00e6kkes under Hammelvej til Gl. Landevej fra en dybde p\u00e5 4,5m. 26-05-2020\" width=\"640\" height=\"360\" class=\"skip-lazy fg-image\" data-src-fg=\"https:\/\/www.vokv.dk\/wp-content\/uploads\/cache\/2020\/05\/Solfelt21\/3247166297.jpg\" src=\"data:image\/svg+xml,%3Csvg%20xmlns%3D%22http%3A%2F%2Fwww.w3.org%2F2000%2Fsvg%22%20width%3D%22640%22%20height%3D%22360%22%20viewBox%3D%220%200%20640%20360%22%3E%3C%2Fsvg%3E\" loading=\"eager\"><\/span><span class=\"fg-image-overlay\"><\/span><\/a><figcaption class=\"fg-caption\"><div class=\"fg-caption-inner\"><div class=\"fg-caption-title\">Kloakledning tr\u00e6kkes under Hammelvej til Gl. Landevej fra en dybde p\u00e5 4,5m. 26-05-2020<\/div><\/div><\/figcaption><\/figure><div class=\"fg-loader\"><\/div><\/div><div class=\"fg-item fg-type-image fg-idle\"><figure class=\"fg-item-inner\"><a href=\"https:\/\/www.vokv.dk\/wp-content\/uploads\/2020\/05\/Solfelt22-1.jpg\" data-caption-title=\"Kloakledning d\u00e6kkes til p\u00e5 Gl. Landevej som var sp\u00e6rret i flere timer. 28-05-2020\" data-attachment-id=\"2919\" data-type=\"image\" class=\"fg-thumb\"><span class=\"fg-image-wrap\"><img decoding=\"async\" title=\"Kloakledning d\u00e6kkes til p\u00e5 Gl. Landevej som var sp\u00e6rret i flere timer. 28-05-2020\" width=\"640\" height=\"360\" class=\"skip-lazy fg-image\" data-src-fg=\"https:\/\/www.vokv.dk\/wp-content\/uploads\/cache\/2020\/05\/Solfelt22-1\/3863639560.jpg\" src=\"data:image\/svg+xml,%3Csvg%20xmlns%3D%22http%3A%2F%2Fwww.w3.org%2F2000%2Fsvg%22%20width%3D%22640%22%20height%3D%22360%22%20viewBox%3D%220%200%20640%20360%22%3E%3C%2Fsvg%3E\" loading=\"eager\"><\/span><span class=\"fg-image-overlay\"><\/span><\/a><figcaption class=\"fg-caption\"><div class=\"fg-caption-inner\"><div class=\"fg-caption-title\">Kloakledning d\u00e6kkes til p\u00e5 Gl. Landevej som var sp\u00e6rret i flere timer. 28-05-2020<\/div><\/div><\/figcaption><\/figure><div class=\"fg-loader\"><\/div><\/div><div class=\"fg-item fg-type-image fg-idle\"><figure class=\"fg-item-inner\"><a href=\"https:\/\/www.vokv.dk\/wp-content\/uploads\/2020\/05\/Solfelt23-1.jpg\" data-caption-title=\"S\u00e5 er bygningen f\u00e6rdig udvendig. 30-05-2020\" data-attachment-id=\"2920\" data-type=\"image\" class=\"fg-thumb\"><span class=\"fg-image-wrap\"><img decoding=\"async\" title=\"S\u00e5 er bygningen f\u00e6rdig udvendig. 30-05-2020\" width=\"640\" height=\"360\" class=\"skip-lazy fg-image\" data-src-fg=\"https:\/\/www.vokv.dk\/wp-content\/uploads\/cache\/2020\/05\/Solfelt23-1\/188285345.jpg\" src=\"data:image\/svg+xml,%3Csvg%20xmlns%3D%22http%3A%2F%2Fwww.w3.org%2F2000%2Fsvg%22%20width%3D%22640%22%20height%3D%22360%22%20viewBox%3D%220%200%20640%20360%22%3E%3C%2Fsvg%3E\" loading=\"eager\"><\/span><span class=\"fg-image-overlay\"><\/span><\/a><figcaption class=\"fg-caption\"><div class=\"fg-caption-inner\"><div class=\"fg-caption-title\">S\u00e5 er bygningen f\u00e6rdig udvendig. 30-05-2020<\/div><\/div><\/figcaption><\/figure><div class=\"fg-loader\"><\/div><\/div><div class=\"fg-item fg-type-image fg-idle\"><figure class=\"fg-item-inner\"><a href=\"https:\/\/www.vokv.dk\/wp-content\/uploads\/2020\/05\/Solfelt23-2.jpg\" data-caption-title=\"Vandp\u00e5fyldning afsluttet. 26-05-2020\" data-attachment-id=\"2921\" data-type=\"image\" class=\"fg-thumb\"><span class=\"fg-image-wrap\"><img decoding=\"async\" title=\"Vandp\u00e5fyldning afsluttet. 26-05-2020\" width=\"640\" height=\"360\" class=\"skip-lazy fg-image\" data-src-fg=\"https:\/\/www.vokv.dk\/wp-content\/uploads\/cache\/2020\/05\/Solfelt23-2\/544041994.jpg\" src=\"data:image\/svg+xml,%3Csvg%20xmlns%3D%22http%3A%2F%2Fwww.w3.org%2F2000%2Fsvg%22%20width%3D%22640%22%20height%3D%22360%22%20viewBox%3D%220%200%20640%20360%22%3E%3C%2Fsvg%3E\" loading=\"eager\"><\/span><span class=\"fg-image-overlay\"><\/span><\/a><figcaption class=\"fg-caption\"><div class=\"fg-caption-inner\"><div class=\"fg-caption-title\">Vandp\u00e5fyldning afsluttet. 26-05-2020<\/div><\/div><\/figcaption><\/figure><div class=\"fg-loader\"><\/div><\/div><div class=\"fg-item fg-type-image fg-idle\"><figure class=\"fg-item-inner\"><a href=\"https:\/\/www.vokv.dk\/wp-content\/uploads\/2020\/06\/Solfelt24-1.jpg\" data-caption-title=\"Nu mangler snart kun bel\u00e6gningen. 14-06-2020\" data-attachment-id=\"2933\" data-type=\"image\" class=\"fg-thumb\"><span class=\"fg-image-wrap\"><img decoding=\"async\" title=\"Nu mangler snart kun bel\u00e6gningen. 14-06-2020\" width=\"640\" height=\"360\" class=\"skip-lazy fg-image\" data-src-fg=\"https:\/\/www.vokv.dk\/wp-content\/uploads\/cache\/2020\/06\/Solfelt24-1\/200473923.jpg\" src=\"data:image\/svg+xml,%3Csvg%20xmlns%3D%22http%3A%2F%2Fwww.w3.org%2F2000%2Fsvg%22%20width%3D%22640%22%20height%3D%22360%22%20viewBox%3D%220%200%20640%20360%22%3E%3C%2Fsvg%3E\" loading=\"eager\"><\/span><span class=\"fg-image-overlay\"><\/span><\/a><figcaption class=\"fg-caption\"><div class=\"fg-caption-inner\"><div class=\"fg-caption-title\">Nu mangler snart kun bel\u00e6gningen. 14-06-2020<\/div><\/div><\/figcaption><\/figure><div class=\"fg-loader\"><\/div><\/div><div class=\"fg-item fg-type-image fg-idle\"><figure class=\"fg-item-inner\"><a href=\"https:\/\/www.vokv.dk\/wp-content\/uploads\/2020\/06\/Solfelt24-4.jpg\" data-caption-title=\"Glykoltanken er fyldt op. 14-06-2020\" data-attachment-id=\"2932\" data-type=\"image\" class=\"fg-thumb\"><span class=\"fg-image-wrap\"><img decoding=\"async\" title=\"Glykoltanken er fyldt op. 14-06-2020\" width=\"640\" height=\"360\" class=\"skip-lazy fg-image\" data-src-fg=\"https:\/\/www.vokv.dk\/wp-content\/uploads\/cache\/2020\/06\/Solfelt24-4\/3871971695.jpg\" src=\"data:image\/svg+xml,%3Csvg%20xmlns%3D%22http%3A%2F%2Fwww.w3.org%2F2000%2Fsvg%22%20width%3D%22640%22%20height%3D%22360%22%20viewBox%3D%220%200%20640%20360%22%3E%3C%2Fsvg%3E\" loading=\"eager\"><\/span><span class=\"fg-image-overlay\"><\/span><\/a><figcaption class=\"fg-caption\"><div class=\"fg-caption-inner\"><div class=\"fg-caption-title\">Glykoltanken er fyldt op. 14-06-2020<\/div><\/div><\/figcaption><\/figure><div class=\"fg-loader\"><\/div><\/div><div class=\"fg-item fg-type-image fg-idle\"><figure class=\"fg-item-inner\"><a href=\"https:\/\/www.vokv.dk\/wp-content\/uploads\/2020\/06\/Solfelt24-2.jpg\" data-caption-title=\"Anl\u00e6gget er under afpr\u00f8vning. 14-06-2020\" data-attachment-id=\"2930\" data-type=\"image\" class=\"fg-thumb\"><span class=\"fg-image-wrap\"><img decoding=\"async\" title=\"Anl\u00e6gget er under afpr\u00f8vning. 14-06-2020\" width=\"640\" height=\"360\" class=\"skip-lazy fg-image\" data-src-fg=\"https:\/\/www.vokv.dk\/wp-content\/uploads\/cache\/2020\/06\/Solfelt24-2\/2959163961.jpg\" src=\"data:image\/svg+xml,%3Csvg%20xmlns%3D%22http%3A%2F%2Fwww.w3.org%2F2000%2Fsvg%22%20width%3D%22640%22%20height%3D%22360%22%20viewBox%3D%220%200%20640%20360%22%3E%3C%2Fsvg%3E\" loading=\"eager\"><\/span><span class=\"fg-image-overlay\"><\/span><\/a><figcaption class=\"fg-caption\"><div class=\"fg-caption-inner\"><div class=\"fg-caption-title\">Anl\u00e6gget er under afpr\u00f8vning. 14-06-2020<\/div><\/div><\/figcaption><\/figure><div class=\"fg-loader\"><\/div><\/div><div class=\"fg-item fg-type-image fg-idle\"><figure class=\"fg-item-inner\"><a href=\"https:\/\/www.vokv.dk\/wp-content\/uploads\/2020\/06\/Solfelt24-3.jpg\" data-caption-title=\"14-06-2020\" data-attachment-id=\"2931\" data-type=\"image\" class=\"fg-thumb\"><span class=\"fg-image-wrap\"><img decoding=\"async\" title=\"14-06-2020\" width=\"640\" height=\"360\" class=\"skip-lazy fg-image\" data-src-fg=\"https:\/\/www.vokv.dk\/wp-content\/uploads\/cache\/2020\/06\/Solfelt24-3\/3641714927.jpg\" src=\"data:image\/svg+xml,%3Csvg%20xmlns%3D%22http%3A%2F%2Fwww.w3.org%2F2000%2Fsvg%22%20width%3D%22640%22%20height%3D%22360%22%20viewBox%3D%220%200%20640%20360%22%3E%3C%2Fsvg%3E\" loading=\"eager\"><\/span><span class=\"fg-image-overlay\"><\/span><\/a><figcaption class=\"fg-caption\"><div class=\"fg-caption-inner\"><div class=\"fg-caption-title\">14-06-2020<\/div><\/div><\/figcaption><\/figure><div class=\"fg-loader\"><\/div><\/div><div class=\"fg-item fg-type-image fg-idle\"><figure class=\"fg-item-inner\"><a href=\"https:\/\/www.vokv.dk\/wp-content\/uploads\/2020\/06\/Solfelt25-4.jpg\" data-caption-title=\"Der bliver produceret varme p\u00e5 anl\u00e6gget. 21-06-2020\" data-attachment-id=\"2945\" data-type=\"image\" class=\"fg-thumb\"><span class=\"fg-image-wrap\"><img decoding=\"async\" title=\"Der bliver produceret varme p\u00e5 anl\u00e6gget. 21-06-2020\" width=\"640\" height=\"360\" class=\"skip-lazy fg-image\" data-src-fg=\"https:\/\/www.vokv.dk\/wp-content\/uploads\/cache\/2020\/06\/Solfelt25-4\/1995870994.jpg\" src=\"data:image\/svg+xml,%3Csvg%20xmlns%3D%22http%3A%2F%2Fwww.w3.org%2F2000%2Fsvg%22%20width%3D%22640%22%20height%3D%22360%22%20viewBox%3D%220%200%20640%20360%22%3E%3C%2Fsvg%3E\" loading=\"eager\"><\/span><span class=\"fg-image-overlay\"><\/span><\/a><figcaption class=\"fg-caption\"><div class=\"fg-caption-inner\"><div class=\"fg-caption-title\">Der bliver produceret varme p\u00e5 anl\u00e6gget. 21-06-2020<\/div><\/div><\/figcaption><\/figure><div class=\"fg-loader\"><\/div><\/div><div class=\"fg-item fg-type-image fg-idle\"><figure class=\"fg-item-inner\"><a href=\"https:\/\/www.vokv.dk\/wp-content\/uploads\/2020\/06\/Solfelt25-3.jpg\" data-caption-title=\"21-06-2020\" data-attachment-id=\"2944\" data-type=\"image\" class=\"fg-thumb\"><span class=\"fg-image-wrap\"><img decoding=\"async\" title=\"21-06-2020\" width=\"640\" height=\"360\" class=\"skip-lazy fg-image\" data-src-fg=\"https:\/\/www.vokv.dk\/wp-content\/uploads\/cache\/2020\/06\/Solfelt25-3\/3655921731.jpg\" src=\"data:image\/svg+xml,%3Csvg%20xmlns%3D%22http%3A%2F%2Fwww.w3.org%2F2000%2Fsvg%22%20width%3D%22640%22%20height%3D%22360%22%20viewBox%3D%220%200%20640%20360%22%3E%3C%2Fsvg%3E\" loading=\"eager\"><\/span><span class=\"fg-image-overlay\"><\/span><\/a><figcaption class=\"fg-caption\"><div class=\"fg-caption-inner\"><div class=\"fg-caption-title\">21-06-2020<\/div><\/div><\/figcaption><\/figure><div class=\"fg-loader\"><\/div><\/div><div class=\"fg-item fg-type-image fg-idle\"><figure class=\"fg-item-inner\"><a href=\"https:\/\/www.vokv.dk\/wp-content\/uploads\/2020\/06\/Solfelt25-2.jpg\" data-caption-title=\"Solpanelerne er f\u00e6rdigmonteret og aktive. 21-06-2020\" data-attachment-id=\"2943\" data-type=\"image\" class=\"fg-thumb\"><span class=\"fg-image-wrap\"><img decoding=\"async\" title=\"Solpanelerne er f\u00e6rdigmonteret og aktive. 21-06-2020\" width=\"640\" height=\"360\" class=\"skip-lazy fg-image\" data-src-fg=\"https:\/\/www.vokv.dk\/wp-content\/uploads\/cache\/2020\/06\/Solfelt25-2\/3667979175.jpg\" src=\"data:image\/svg+xml,%3Csvg%20xmlns%3D%22http%3A%2F%2Fwww.w3.org%2F2000%2Fsvg%22%20width%3D%22640%22%20height%3D%22360%22%20viewBox%3D%220%200%20640%20360%22%3E%3C%2Fsvg%3E\" loading=\"eager\"><\/span><span class=\"fg-image-overlay\"><\/span><\/a><figcaption class=\"fg-caption\"><div class=\"fg-caption-inner\"><div class=\"fg-caption-title\">Solpanelerne er f\u00e6rdigmonteret og aktive. 21-06-2020<\/div><\/div><\/figcaption><\/figure><div class=\"fg-loader\"><\/div><\/div><div class=\"fg-item fg-type-image fg-idle\"><figure class=\"fg-item-inner\"><a href=\"https:\/\/www.vokv.dk\/wp-content\/uploads\/2020\/07\/Solfelt26-2.jpg\" data-caption-title=\"Anl\u00e6gget er i drift. 05-07-2020\" data-attachment-id=\"2960\" data-type=\"image\" class=\"fg-thumb\"><span class=\"fg-image-wrap\"><img decoding=\"async\" title=\"Anl\u00e6gget er i drift. 05-07-2020\" width=\"640\" height=\"360\" class=\"skip-lazy fg-image\" data-src-fg=\"https:\/\/www.vokv.dk\/wp-content\/uploads\/cache\/2020\/07\/Solfelt26-2\/2426992363.jpg\" src=\"data:image\/svg+xml,%3Csvg%20xmlns%3D%22http%3A%2F%2Fwww.w3.org%2F2000%2Fsvg%22%20width%3D%22640%22%20height%3D%22360%22%20viewBox%3D%220%200%20640%20360%22%3E%3C%2Fsvg%3E\" loading=\"eager\"><\/span><span class=\"fg-image-overlay\"><\/span><\/a><figcaption class=\"fg-caption\"><div class=\"fg-caption-inner\"><div class=\"fg-caption-title\">Anl\u00e6gget er i drift. 05-07-2020<\/div><\/div><\/figcaption><\/figure><div class=\"fg-loader\"><\/div><\/div><div class=\"fg-item fg-type-image fg-idle\"><figure class=\"fg-item-inner\"><a href=\"https:\/\/www.vokv.dk\/wp-content\/uploads\/2020\/08\/Solfelt27-1.jpg\" data-caption-title=\"S\u00e5 er der kommet en n\u00f8dstr\u00f8msgenerator. 8-8-2020\" data-attachment-id=\"2984\" data-type=\"image\" class=\"fg-thumb\"><span class=\"fg-image-wrap\"><img decoding=\"async\" title=\"S\u00e5 er der kommet en n\u00f8dstr\u00f8msgenerator. 8-8-2020\" width=\"640\" height=\"360\" class=\"skip-lazy fg-image\" data-src-fg=\"https:\/\/www.vokv.dk\/wp-content\/uploads\/cache\/2020\/08\/Solfelt27-1\/3435903943.jpg\" src=\"data:image\/svg+xml,%3Csvg%20xmlns%3D%22http%3A%2F%2Fwww.w3.org%2F2000%2Fsvg%22%20width%3D%22640%22%20height%3D%22360%22%20viewBox%3D%220%200%20640%20360%22%3E%3C%2Fsvg%3E\" loading=\"eager\"><\/span><span class=\"fg-image-overlay\"><\/span><\/a><figcaption class=\"fg-caption\"><div class=\"fg-caption-inner\"><div class=\"fg-caption-title\">S\u00e5 er der kommet en n\u00f8dstr\u00f8msgenerator. 8-8-2020<\/div><\/div><\/figcaption><\/figure><div class=\"fg-loader\"><\/div><\/div><div class=\"fg-item fg-type-image fg-idle\"><figure class=\"fg-item-inner\"><a href=\"https:\/\/www.vokv.dk\/wp-content\/uploads\/2020\/08\/Solfelt27-4.jpg\" data-caption-title=\"Sommerferien er slut og vi begynder p\u00e5 ude-arealerne. 8-8-2020\" data-attachment-id=\"2982\" data-type=\"image\" class=\"fg-thumb\"><span class=\"fg-image-wrap\"><img decoding=\"async\" title=\"Sommerferien er slut og vi begynder p\u00e5 ude-arealerne. 8-8-2020\" width=\"640\" height=\"360\" class=\"skip-lazy fg-image\" data-src-fg=\"https:\/\/www.vokv.dk\/wp-content\/uploads\/cache\/2020\/08\/Solfelt27-4\/3994207377.jpg\" src=\"data:image\/svg+xml,%3Csvg%20xmlns%3D%22http%3A%2F%2Fwww.w3.org%2F2000%2Fsvg%22%20width%3D%22640%22%20height%3D%22360%22%20viewBox%3D%220%200%20640%20360%22%3E%3C%2Fsvg%3E\" loading=\"eager\"><\/span><span class=\"fg-image-overlay\"><\/span><\/a><figcaption class=\"fg-caption\"><div class=\"fg-caption-inner\"><div class=\"fg-caption-title\">Sommerferien er slut og vi begynder p\u00e5 ude-arealerne. 8-8-2020<\/div><\/div><\/figcaption><\/figure><div class=\"fg-loader\"><\/div><\/div><div class=\"fg-item fg-type-image fg-idle\"><figure class=\"fg-item-inner\"><a href=\"https:\/\/www.vokv.dk\/wp-content\/uploads\/2020\/08\/Solfelt27-2-1.jpg\" data-caption-title=\"S\u00e5 er de st\u00f8rste jorddynger v\u00e6k. 8-8-2020\" data-attachment-id=\"2987\" data-type=\"image\" class=\"fg-thumb\"><span class=\"fg-image-wrap\"><img decoding=\"async\" title=\"S\u00e5 er de st\u00f8rste jorddynger v\u00e6k. 8-8-2020\" width=\"640\" height=\"360\" class=\"skip-lazy fg-image\" data-src-fg=\"https:\/\/www.vokv.dk\/wp-content\/uploads\/cache\/2020\/08\/Solfelt27-2-1\/3034790606.jpg\" src=\"data:image\/svg+xml,%3Csvg%20xmlns%3D%22http%3A%2F%2Fwww.w3.org%2F2000%2Fsvg%22%20width%3D%22640%22%20height%3D%22360%22%20viewBox%3D%220%200%20640%20360%22%3E%3C%2Fsvg%3E\" loading=\"eager\"><\/span><span class=\"fg-image-overlay\"><\/span><\/a><figcaption class=\"fg-caption\"><div class=\"fg-caption-inner\"><div class=\"fg-caption-title\">S\u00e5 er de st\u00f8rste jorddynger v\u00e6k. 8-8-2020<\/div><\/div><\/figcaption><\/figure><div class=\"fg-loader\"><\/div><\/div><div class=\"fg-item fg-type-image fg-idle\"><figure class=\"fg-item-inner\"><a href=\"https:\/\/www.vokv.dk\/wp-content\/uploads\/2020\/08\/Solfelt27-5.jpg\" data-caption-title=\"Vi er g\u00e5et i gang med udend\u00f8rsarealerne. 8-8-2020\" data-attachment-id=\"2983\" data-type=\"image\" class=\"fg-thumb\"><span class=\"fg-image-wrap\"><img decoding=\"async\" title=\"Vi er g\u00e5et i gang med udend\u00f8rsarealerne. 8-8-2020\" width=\"640\" height=\"360\" class=\"skip-lazy fg-image\" data-src-fg=\"https:\/\/www.vokv.dk\/wp-content\/uploads\/cache\/2020\/08\/Solfelt27-5\/2271456839.jpg\" src=\"data:image\/svg+xml,%3Csvg%20xmlns%3D%22http%3A%2F%2Fwww.w3.org%2F2000%2Fsvg%22%20width%3D%22640%22%20height%3D%22360%22%20viewBox%3D%220%200%20640%20360%22%3E%3C%2Fsvg%3E\" loading=\"eager\"><\/span><span class=\"fg-image-overlay\"><\/span><\/a><figcaption class=\"fg-caption\"><div class=\"fg-caption-inner\"><div class=\"fg-caption-title\">Vi er g\u00e5et i gang med udend\u00f8rsarealerne. 8-8-2020<\/div><\/div><\/figcaption><\/figure><div class=\"fg-loader\"><\/div><\/div><div class=\"fg-item fg-type-image fg-idle\"><figure class=\"fg-item-inner\"><a href=\"https:\/\/www.vokv.dk\/wp-content\/uploads\/2020\/08\/Solfelt28-5-1.jpg\" data-caption-title=\"Der l\u00e6gges Sf-sten. 23-08-2020\" data-attachment-id=\"3000\" data-type=\"image\" class=\"fg-thumb\"><span class=\"fg-image-wrap\"><img decoding=\"async\" title=\"Der l\u00e6gges Sf-sten. 23-08-2020\" width=\"640\" height=\"360\" class=\"skip-lazy fg-image\" data-src-fg=\"https:\/\/www.vokv.dk\/wp-content\/uploads\/cache\/2020\/08\/Solfelt28-5-1\/1763362088.jpg\" src=\"data:image\/svg+xml,%3Csvg%20xmlns%3D%22http%3A%2F%2Fwww.w3.org%2F2000%2Fsvg%22%20width%3D%22640%22%20height%3D%22360%22%20viewBox%3D%220%200%20640%20360%22%3E%3C%2Fsvg%3E\" loading=\"eager\"><\/span><span class=\"fg-image-overlay\"><\/span><\/a><figcaption class=\"fg-caption\"><div class=\"fg-caption-inner\"><div class=\"fg-caption-title\">Der l\u00e6gges Sf-sten. 23-08-2020<\/div><\/div><\/figcaption><\/figure><div class=\"fg-loader\"><\/div><\/div><div class=\"fg-item fg-type-image fg-idle\"><figure class=\"fg-item-inner\"><a href=\"https:\/\/www.vokv.dk\/wp-content\/uploads\/2020\/08\/Solfelt28-7-1.jpg\" data-caption-title=\"Der l\u00e6gges Sf-sten. 23-08-2020\" data-attachment-id=\"2998\" data-type=\"image\" class=\"fg-thumb\"><span class=\"fg-image-wrap\"><img decoding=\"async\" title=\"Der l\u00e6gges Sf-sten. 23-08-2020\" width=\"640\" height=\"360\" class=\"skip-lazy fg-image\" data-src-fg=\"https:\/\/www.vokv.dk\/wp-content\/uploads\/cache\/2020\/08\/Solfelt28-7-1\/4201184291.jpg\" src=\"data:image\/svg+xml,%3Csvg%20xmlns%3D%22http%3A%2F%2Fwww.w3.org%2F2000%2Fsvg%22%20width%3D%22640%22%20height%3D%22360%22%20viewBox%3D%220%200%20640%20360%22%3E%3C%2Fsvg%3E\" loading=\"eager\"><\/span><span class=\"fg-image-overlay\"><\/span><\/a><figcaption class=\"fg-caption\"><div class=\"fg-caption-inner\"><div class=\"fg-caption-title\">Der l\u00e6gges Sf-sten. 23-08-2020<\/div><\/div><\/figcaption><\/figure><div class=\"fg-loader\"><\/div><\/div><div class=\"fg-item fg-type-image fg-idle\"><figure class=\"fg-item-inner\"><a href=\"https:\/\/www.vokv.dk\/wp-content\/uploads\/2020\/08\/Solfelt28-6-1.jpg\" data-caption-title=\"N\u00f8dstr\u00f8msgenerator klar til brug. 23-08-2020\" data-attachment-id=\"3001\" data-type=\"image\" class=\"fg-thumb\"><span class=\"fg-image-wrap\"><img decoding=\"async\" title=\"N\u00f8dstr\u00f8msgenerator klar til brug. 23-08-2020\" width=\"640\" height=\"360\" class=\"skip-lazy fg-image\" data-src-fg=\"https:\/\/www.vokv.dk\/wp-content\/uploads\/cache\/2020\/08\/Solfelt28-6-1\/401249979.jpg\" src=\"data:image\/svg+xml,%3Csvg%20xmlns%3D%22http%3A%2F%2Fwww.w3.org%2F2000%2Fsvg%22%20width%3D%22640%22%20height%3D%22360%22%20viewBox%3D%220%200%20640%20360%22%3E%3C%2Fsvg%3E\" loading=\"eager\"><\/span><span class=\"fg-image-overlay\"><\/span><\/a><figcaption class=\"fg-caption\"><div class=\"fg-caption-inner\"><div class=\"fg-caption-title\">N\u00f8dstr\u00f8msgenerator klar til brug. 23-08-2020<\/div><\/div><\/figcaption><\/figure><div class=\"fg-loader\"><\/div><\/div><div class=\"fg-item fg-type-image fg-idle\"><figure class=\"fg-item-inner\"><a href=\"https:\/\/www.vokv.dk\/wp-content\/uploads\/2020\/09\/Solfelt29-61.jpg\" data-caption-title=\"Nu er arbejdet med udearealerne ved at v\u00e6re afsluttet. 19-09-2020\" data-attachment-id=\"3006\" data-type=\"image\" class=\"fg-thumb\"><span class=\"fg-image-wrap\"><img decoding=\"async\" title=\"Nu er arbejdet med udearealerne ved at v\u00e6re afsluttet. 19-09-2020\" width=\"640\" height=\"360\" class=\"skip-lazy fg-image\" data-src-fg=\"https:\/\/www.vokv.dk\/wp-content\/uploads\/cache\/2020\/09\/Solfelt29-61\/3766299987.jpg\" src=\"data:image\/svg+xml,%3Csvg%20xmlns%3D%22http%3A%2F%2Fwww.w3.org%2F2000%2Fsvg%22%20width%3D%22640%22%20height%3D%22360%22%20viewBox%3D%220%200%20640%20360%22%3E%3C%2Fsvg%3E\" loading=\"eager\"><\/span><span class=\"fg-image-overlay\"><\/span><\/a><figcaption class=\"fg-caption\"><div class=\"fg-caption-inner\"><div class=\"fg-caption-title\">Nu er arbejdet med udearealerne ved at v\u00e6re afsluttet. 19-09-2020<\/div><\/div><\/figcaption><\/figure><div class=\"fg-loader\"><\/div><\/div><div class=\"fg-item fg-type-image fg-idle\"><figure class=\"fg-item-inner\"><a href=\"https:\/\/www.vokv.dk\/wp-content\/uploads\/2020\/09\/Solfelt29-151.jpg\" data-caption-title=\"Opk\u00f8rslen til solfeltet. 19-09-2020\" data-attachment-id=\"3007\" data-type=\"image\" class=\"fg-thumb\"><span class=\"fg-image-wrap\"><img decoding=\"async\" title=\"Opk\u00f8rslen til solfeltet. 19-09-2020\" width=\"640\" height=\"360\" class=\"skip-lazy fg-image\" data-src-fg=\"https:\/\/www.vokv.dk\/wp-content\/uploads\/cache\/2020\/09\/Solfelt29-151\/2765175526.jpg\" src=\"data:image\/svg+xml,%3Csvg%20xmlns%3D%22http%3A%2F%2Fwww.w3.org%2F2000%2Fsvg%22%20width%3D%22640%22%20height%3D%22360%22%20viewBox%3D%220%200%20640%20360%22%3E%3C%2Fsvg%3E\" loading=\"eager\"><\/span><span class=\"fg-image-overlay\"><\/span><\/a><figcaption class=\"fg-caption\"><div class=\"fg-caption-inner\"><div class=\"fg-caption-title\">Opk\u00f8rslen til solfeltet. 19-09-2020<\/div><\/div><\/figcaption><\/figure><div class=\"fg-loader\"><\/div><\/div><div class=\"fg-item fg-type-image fg-idle\"><figure class=\"fg-item-inner\"><a href=\"https:\/\/www.vokv.dk\/wp-content\/uploads\/2020\/09\/Solfelt29-181.jpg\" data-caption-title=\"19-09-2020\" data-attachment-id=\"3005\" data-type=\"image\" class=\"fg-thumb\"><span class=\"fg-image-wrap\"><img decoding=\"async\" title=\"19-09-2020\" width=\"640\" height=\"360\" class=\"skip-lazy fg-image\" data-src-fg=\"https:\/\/www.vokv.dk\/wp-content\/uploads\/cache\/2020\/09\/Solfelt29-181\/2774534864.jpg\" src=\"data:image\/svg+xml,%3Csvg%20xmlns%3D%22http%3A%2F%2Fwww.w3.org%2F2000%2Fsvg%22%20width%3D%22640%22%20height%3D%22360%22%20viewBox%3D%220%200%20640%20360%22%3E%3C%2Fsvg%3E\" loading=\"eager\"><\/span><span class=\"fg-image-overlay\"><\/span><\/a><figcaption class=\"fg-caption\"><div class=\"fg-caption-inner\"><div class=\"fg-caption-title\">19-09-2020<\/div><\/div><\/figcaption><\/figure><div class=\"fg-loader\"><\/div><\/div><div class=\"fg-item fg-type-image fg-idle\"><figure class=\"fg-item-inner\"><a href=\"https:\/\/www.vokv.dk\/wp-content\/uploads\/2020\/09\/Solfelt29-171.jpg\" data-caption-title=\"N\u00f8dstr\u00f8msgenerator. 19-09-2020\" data-attachment-id=\"3008\" data-type=\"image\" class=\"fg-thumb\"><span class=\"fg-image-wrap\"><img decoding=\"async\" title=\"N\u00f8dstr\u00f8msgenerator. 19-09-2020\" width=\"640\" height=\"360\" class=\"skip-lazy fg-image\" data-src-fg=\"https:\/\/www.vokv.dk\/wp-content\/uploads\/cache\/2020\/09\/Solfelt29-171\/2693518356.jpg\" src=\"data:image\/svg+xml,%3Csvg%20xmlns%3D%22http%3A%2F%2Fwww.w3.org%2F2000%2Fsvg%22%20width%3D%22640%22%20height%3D%22360%22%20viewBox%3D%220%200%20640%20360%22%3E%3C%2Fsvg%3E\" loading=\"eager\"><\/span><span class=\"fg-image-overlay\"><\/span><\/a><figcaption class=\"fg-caption\"><div class=\"fg-caption-inner\"><div class=\"fg-caption-title\">N\u00f8dstr\u00f8msgenerator. 19-09-2020<\/div><\/div><\/figcaption><\/figure><div class=\"fg-loader\"><\/div><\/div><div class=\"fg-item fg-type-image fg-idle\"><figure class=\"fg-item-inner\"><a href=\"https:\/\/www.vokv.dk\/wp-content\/uploads\/2020\/09\/Solfelt30-11.jpg\" data-caption-title=\"Nu mangler der kun at blive fejet. 24-09-2020\" data-attachment-id=\"3011\" data-type=\"image\" class=\"fg-thumb\"><span class=\"fg-image-wrap\"><img decoding=\"async\" title=\"Nu mangler der kun at blive fejet. 24-09-2020\" width=\"640\" height=\"360\" class=\"skip-lazy fg-image\" data-src-fg=\"https:\/\/www.vokv.dk\/wp-content\/uploads\/cache\/2020\/09\/Solfelt30-11\/1093443801.jpg\" src=\"data:image\/svg+xml,%3Csvg%20xmlns%3D%22http%3A%2F%2Fwww.w3.org%2F2000%2Fsvg%22%20width%3D%22640%22%20height%3D%22360%22%20viewBox%3D%220%200%20640%20360%22%3E%3C%2Fsvg%3E\" loading=\"eager\"><\/span><span class=\"fg-image-overlay\"><\/span><\/a><figcaption class=\"fg-caption\"><div class=\"fg-caption-inner\"><div class=\"fg-caption-title\">Nu mangler der kun at blive fejet. 24-09-2020<\/div><\/div><\/figcaption><\/figure><div class=\"fg-loader\"><\/div><\/div><div class=\"fg-item fg-type-image fg-idle\"><figure class=\"fg-item-inner\"><a href=\"https:\/\/www.vokv.dk\/wp-content\/uploads\/2020\/09\/Solfelt30-91.jpg\" data-caption-title=\"24-09-2020\" data-attachment-id=\"3010\" data-type=\"image\" class=\"fg-thumb\"><span class=\"fg-image-wrap\"><img decoding=\"async\" title=\"24-09-2020\" width=\"640\" height=\"360\" class=\"skip-lazy fg-image\" data-src-fg=\"https:\/\/www.vokv.dk\/wp-content\/uploads\/cache\/2020\/09\/Solfelt30-91\/2186678281.jpg\" src=\"data:image\/svg+xml,%3Csvg%20xmlns%3D%22http%3A%2F%2Fwww.w3.org%2F2000%2Fsvg%22%20width%3D%22640%22%20height%3D%22360%22%20viewBox%3D%220%200%20640%20360%22%3E%3C%2Fsvg%3E\" loading=\"eager\"><\/span><span class=\"fg-image-overlay\"><\/span><\/a><figcaption class=\"fg-caption\"><div class=\"fg-caption-inner\"><div class=\"fg-caption-title\">24-09-2020<\/div><\/div><\/figcaption><\/figure><div class=\"fg-loader\"><\/div><\/div><div class=\"fg-item fg-type-image fg-idle\"><figure class=\"fg-item-inner\"><a href=\"https:\/\/www.vokv.dk\/wp-content\/uploads\/2020\/09\/Solfelt30-31.jpg\" data-caption-title=\"Opk\u00f8rsel til solpanelerne. 24-09-2020\" data-attachment-id=\"3012\" data-type=\"image\" class=\"fg-thumb\"><span class=\"fg-image-wrap\"><img decoding=\"async\" title=\"Opk\u00f8rsel til solpanelerne. 24-09-2020\" width=\"640\" height=\"360\" class=\"skip-lazy fg-image\" data-src-fg=\"https:\/\/www.vokv.dk\/wp-content\/uploads\/cache\/2020\/09\/Solfelt30-31\/3862740743.jpg\" src=\"data:image\/svg+xml,%3Csvg%20xmlns%3D%22http%3A%2F%2Fwww.w3.org%2F2000%2Fsvg%22%20width%3D%22640%22%20height%3D%22360%22%20viewBox%3D%220%200%20640%20360%22%3E%3C%2Fsvg%3E\" loading=\"eager\"><\/span><span class=\"fg-image-overlay\"><\/span><\/a><figcaption class=\"fg-caption\"><div class=\"fg-caption-inner\"><div class=\"fg-caption-title\">Opk\u00f8rsel til solpanelerne. 24-09-2020<\/div><\/div><\/figcaption><\/figure><div class=\"fg-loader\"><\/div><\/div><div class=\"fg-item fg-type-image fg-idle\"><figure class=\"fg-item-inner\"><a href=\"https:\/\/www.vokv.dk\/wp-content\/uploads\/2020\/09\/Solfelt30-71.jpg\" data-caption-title=\"24-09-2020\" data-attachment-id=\"3014\" data-type=\"image\" class=\"fg-thumb\"><span class=\"fg-image-wrap\"><img decoding=\"async\" title=\"24-09-2020\" width=\"640\" height=\"360\" class=\"skip-lazy fg-image\" data-src-fg=\"https:\/\/www.vokv.dk\/wp-content\/uploads\/cache\/2020\/09\/Solfelt30-71\/1936557818.jpg\" src=\"data:image\/svg+xml,%3Csvg%20xmlns%3D%22http%3A%2F%2Fwww.w3.org%2F2000%2Fsvg%22%20width%3D%22640%22%20height%3D%22360%22%20viewBox%3D%220%200%20640%20360%22%3E%3C%2Fsvg%3E\" loading=\"eager\"><\/span><span class=\"fg-image-overlay\"><\/span><\/a><figcaption class=\"fg-caption\"><div class=\"fg-caption-inner\"><div class=\"fg-caption-title\">24-09-2020<\/div><\/div><\/figcaption><\/figure><div class=\"fg-loader\"><\/div><\/div><div class=\"fg-item fg-type-image fg-idle\"><figure class=\"fg-item-inner\"><a href=\"https:\/\/www.vokv.dk\/wp-content\/uploads\/2020\/09\/Solfelt30-51.jpg\" data-caption-title=\"24-09-2020\" data-attachment-id=\"3013\" data-type=\"image\" class=\"fg-thumb\"><span class=\"fg-image-wrap\"><img decoding=\"async\" title=\"24-09-2020\" width=\"640\" height=\"360\" class=\"skip-lazy fg-image\" data-src-fg=\"https:\/\/www.vokv.dk\/wp-content\/uploads\/cache\/2020\/09\/Solfelt30-51\/3984905285.jpg\" src=\"data:image\/svg+xml,%3Csvg%20xmlns%3D%22http%3A%2F%2Fwww.w3.org%2F2000%2Fsvg%22%20width%3D%22640%22%20height%3D%22360%22%20viewBox%3D%220%200%20640%20360%22%3E%3C%2Fsvg%3E\" loading=\"eager\"><\/span><span class=\"fg-image-overlay\"><\/span><\/a><figcaption class=\"fg-caption\"><div class=\"fg-caption-inner\"><div class=\"fg-caption-title\">24-09-2020<\/div><\/div><\/figcaption><\/figure><div class=\"fg-loader\"><\/div><\/div>\t\t<\/div>\n\t\t<div class=\"fiv-ctrls\">\n\t\t\t<button type=\"button\" class=\"fiv-prev\" title=\"Prev\"><span>Prev<\/span><\/button>\n\t\t\t<label class=\"fiv-count\"><span class=\"fiv-count-current\">1<\/span>of<span class=\"fiv-count-total\">123<\/span><\/label>\n\t\t\t<button type=\"button\" class=\"fiv-next\" title=\"Next\"><span>Next<\/span><\/button>\n\t\t<\/div>\n\t<\/div>\n<\/div>\n<p>&nbsp;<\/p>\n<p><strong>Herunder finder du projekrforslaget og den godkendte lokalplan.<\/strong><\/p>\n<div id=\"attachment_1949\" style=\"width: 222px\" class=\"wp-caption alignleft\"><a href=\"https:\/\/www.vokv.dk\/wp-content\/uploads\/2019\/06\/Solvarme-projektforslag.pdf\" target=\"_blank\" rel=\"noopener noreferrer\"><img loading=\"lazy\" decoding=\"async\" aria-describedby=\"caption-attachment-1949\" class=\"wp-image-1949 size-medium\" title=\"Solvarme projektforslag\" src=\"https:\/\/www.vokv.dk\/wp-content\/uploads\/2019\/06\/Solvarme-projektforslag.pdf-212x300.png\" alt=\"Solvarme-projektforslag\" width=\"212\" height=\"300\" srcset=\"https:\/\/www.vokv.dk\/wp-content\/uploads\/2019\/06\/Solvarme-projektforslag.pdf-212x300.png 212w, https:\/\/www.vokv.dk\/wp-content\/uploads\/2019\/06\/Solvarme-projektforslag.pdf 723w, https:\/\/www.vokv.dk\/wp-content\/uploads\/2019\/06\/Solvarme-projektforslag.pdf-106x150.png 106w\" sizes=\"auto, (max-width: 212px) 100vw, 212px\" \/><\/a><p id=\"caption-attachment-1949\" class=\"wp-caption-text\">Solvarme-projektforslag<\/p><\/div>\n<div id=\"attachment_1950\" style=\"width: 222px\" class=\"wp-caption alignleft\"><a href=\"https:\/\/www.vokv.dk\/wp-content\/uploads\/2019\/06\/Lokalplan_684.pdf\" target=\"_blank\" rel=\"noopener noreferrer\"><img loading=\"lazy\" decoding=\"async\" aria-describedby=\"caption-attachment-1950\" class=\"wp-image-1950 size-medium\" title=\"Lokalplan 684\" src=\"https:\/\/www.vokv.dk\/wp-content\/uploads\/2019\/06\/Lokalplan_684.pdf-212x300.png\" alt=\"Lokalplan_684\" width=\"212\" height=\"300\" srcset=\"https:\/\/www.vokv.dk\/wp-content\/uploads\/2019\/06\/Lokalplan_684.pdf-212x300.png 212w, https:\/\/www.vokv.dk\/wp-content\/uploads\/2019\/06\/Lokalplan_684.pdf 724w, https:\/\/www.vokv.dk\/wp-content\/uploads\/2019\/06\/Lokalplan_684.pdf-106x150.png 106w\" sizes=\"auto, (max-width: 212px) 100vw, 212px\" \/><\/a><p id=\"caption-attachment-1950\" class=\"wp-caption-text\">Lokalplan_684<\/p><\/div>\n","protected":false},"excerpt":{"rendered":"<p>Randers Kommune har godkendt vores solvarmeprojekt p\u00e5 Hammelvej. Der er i h\u00f8ringsperioden indkommet to indsigelser, som kommunen har taget h\u00f8jde for. Dermed kan byggeriet af det 8.272 m2\u00a0store anl\u00e6g igangs\u00e6ttes. Anl\u00e6gget kan producere 3.100 MWh svarende til ca. det halve <span class=\"excerpt-dots\">&hellip;<\/span> <a class=\"more-link\" href=\"https:\/\/www.vokv.dk\/?page_id=1955\"><span class=\"more-msg\">L\u00e6s mere her:<\/span><\/a><\/p>\n","protected":false},"author":2,"featured_media":0,"parent":3276,"menu_order":0,"comment_status":"closed","ping_status":"closed","template":"","meta":{"footnotes":""},"folder":[9],"class_list":["post-1955","page","type-page","status-publish","hentry"],"_links":{"self":[{"href":"https:\/\/www.vokv.dk\/index.php?rest_route=\/wp\/v2\/pages\/1955","targetHints":{"allow":["GET"]}}],"collection":[{"href":"https:\/\/www.vokv.dk\/index.php?rest_route=\/wp\/v2\/pages"}],"about":[{"href":"https:\/\/www.vokv.dk\/index.php?rest_route=\/wp\/v2\/types\/page"}],"author":[{"embeddable":true,"href":"https:\/\/www.vokv.dk\/index.php?rest_route=\/wp\/v2\/users\/2"}],"replies":[{"embeddable":true,"href":"https:\/\/www.vokv.dk\/index.php?rest_route=%2Fwp%2Fv2%2Fcomments&post=1955"}],"version-history":[{"count":0,"href":"https:\/\/www.vokv.dk\/index.php?rest_route=\/wp\/v2\/pages\/1955\/revisions"}],"up":[{"embeddable":true,"href":"https:\/\/www.vokv.dk\/index.php?rest_route=\/wp\/v2\/pages\/3276"}],"wp:attachment":[{"href":"https:\/\/www.vokv.dk\/index.php?rest_route=%2Fwp%2Fv2%2Fmedia&parent=1955"}],"wp:term":[{"taxonomy":"folder","embeddable":true,"href":"https:\/\/www.vokv.dk\/index.php?rest_route=%2Fwp%2Fv2%2Ffolder&post=1955"}],"curies":[{"name":"wp","href":"https:\/\/api.w.org\/{rel}","templated":true}]}}